{"id":10,"date":"2023-06-21T12:41:02","date_gmt":"2023-06-21T10:41:02","guid":{"rendered":"https:\/\/www.diocesilucca.it\/visitapastorale\/?page_id=10"},"modified":"2023-06-21T12:41:03","modified_gmt":"2023-06-21T10:41:03","slug":"cose-una-visita-pastorale","status":"publish","type":"page","link":"https:\/\/www.diocesilucca.it\/visitapastorale\/cose-una-visita-pastorale\/","title":{"rendered":"Cos\u2019\u00e8 una visita pastorale?"},"content":{"rendered":"\n<p>La Visita Pastorale \u00e8 innanzitutto una visita: \u00e8 il vescovo a recarsi l\u00e0 dove si svolge la vita di fede del popolo di Dio, dove la Chiesa si ritrova per ascoltare la Parola e spezzare l\u2019unico Pane, per testimoniare la speranza della vita eterna e scambiarsi reciprocamente il dono della carit\u00e0 fraterna.\u00a0La connotazione pastorale\u00a0indica non solo che il soggetto della visita \u00e8 il vescovo, il quale nella Chiesa locale \u00e8 segno di Cristo pastore, ma anche che gli obiettivi e il metodo della visita hanno lo scopo di promuovere la vita e la missione dei singoli e delle Comunit\u00e0. Nel cammino della Diocesi la visita pastorale esprime e richiama quell\u2019unit\u00e0 di cui il Vescovo \u00e8 \u201cvisibile principio e fondamento\u201d (LG, 23). Essa \u00e8 inoltre, come dice il Direttorio dei Vescovi, \u201cun evento di grazia che riflette in qualche modo l\u2019immagine di quella singolarissima e del tutto meravigliosa visita per mezzo della quale il Pastore Sommo, il Vescovo delle nostre anime Ges\u00f9 Cristo ha visitato e redento il suo popolo\u201d (166). La Visita Pastorale, dunque \u00e8 da guardare con occhio di fede e da preparare con la preghiera.<\/p>\n","protected":false},"excerpt":{"rendered":"<p>La Visita Pastorale \u00e8 innanzitutto una visita: \u00e8 il vescovo a recarsi l\u00e0 dove si svolge la vita di fede del popolo di Dio, dove la Chiesa si ritrova per ascoltare la Parola e spezzare l\u2019unico Pane, per testimoniare la<\/p>\n","protected":false},"author":243,"featured_media":0,"parent":0,"menu_order":0,"comment_status":"closed","ping_status":"closed","template":"","meta":{"footnotes":""},"class_list":["post-10","page","type-page","status-publish","hentry"],"_links":{"self":[{"href":"https:\/\/www.diocesilucca.it\/visitapastorale\/wp-json\/wp\/v2\/pages\/10","targetHints":{"allow":["GET"]}}],"collection":[{"href":"https:\/\/www.diocesilucca.it\/visitapastorale\/wp-json\/wp\/v2\/pages"}],"about":[{"href":"https:\/\/www.diocesilucca.it\/visitapastorale\/wp-json\/wp\/v2\/types\/page"}],"author":[{"embeddable":true,"href":"https:\/\/www.diocesilucca.it\/visitapastorale\/wp-json\/wp\/v2\/users\/243"}],"replies":[{"embeddable":true,"href":"https:\/\/www.diocesilucca.it\/visitapastorale\/wp-json\/wp\/v2\/comments?post=10"}],"version-history":[{"count":1,"href":"https:\/\/www.diocesilucca.it\/visitapastorale\/wp-json\/wp\/v2\/pages\/10\/revisions"}],"predecessor-version":[{"id":11,"href":"https:\/\/www.diocesilucca.it\/visitapastorale\/wp-json\/wp\/v2\/pages\/10\/revisions\/11"}],"wp:attachment":[{"href":"https:\/\/www.diocesilucca.it\/visitapastorale\/wp-json\/wp\/v2\/media?parent=10"}],"curies":[{"name":"wp","href":"https:\/\/api.w.org\/{rel}","templated":true}]}}