{"id":698,"date":"2023-03-18T10:50:31","date_gmt":"2023-03-18T09:50:31","guid":{"rendered":"https:\/\/www.diocesilucca.it\/thesaurumfidei\/?page_id=698"},"modified":"2025-02-15T16:43:09","modified_gmt":"2025-02-15T15:43:09","slug":"chi-siamo","status":"publish","type":"page","link":"https:\/\/www.diocesilucca.it\/thesaurumfidei\/chi-siamo\/","title":{"rendered":"Chi siamo"},"content":{"rendered":"\n<p><strong>GENERAL COORDINATION<\/strong><\/p>\n\n\n\n<p>S.E.R. mons. Paolo Giulietti, Arcivescovo di Lucca<\/p>\n\n\n\n<p><strong>SCIENTIFIC COORDINATION<\/strong><\/p>\n\n\n\n<p>Prof. Arch. Olimpia Niglio, Universit\u00e0 di Pavia, Arcidiocesi di Lucca<\/p>\n\n\n\n<p><strong>HONORARY COMMITTEE<\/strong><\/p>\n\n\n\n<p>S.E.R. Cardinale Jean-Claude Hollerich SJ, Arcivescovo di Luxembourg<\/p>\n\n\n\n<p>S.E.R. Card. Jos\u00e9 Tolentino Cala\u00e7a De Mendon\u00e7a, Prefetto del Dicastero per la Cultura e l\u2019Educazione, Vaticano<\/p>\n\n\n\n<p>S.E.R. mons. Rino Fisichella, pro-prefetto del Dicastero per l\u2019Evangelizzazione Sezione per le questioni fondamentali dell\u2019evangelizzazione nel mondo<\/p>\n\n\n\n<p>Mons. Angelo Vincenzo Zani, Archivista e bibliotecario di Santa Romana Chiesa<\/p>\n\n\n\n<p>S.E.R. Mons. Peter Michiaki Nakamura, Arcivescovo di Nagasaki<\/p>\n\n\n\n<p>S.E.R. Mons. Joseph Mitsuaki Takami, Arcivescovo Emerito Nagasaki<\/p>\n\n\n\n<p>Mons. Mauro Mantovani, Prefetto della Biblioteca Apostolica Vaticana<\/p>\n\n\n\n<p>Mons. Cesare Pasini, gi\u00e0 Prefetto Emerito della Biblioteca Apostolica Vaticana<\/p>\n\n\n\n<p>Prof. Paolo Vian, Vice Prefetto dell\u2019Archivio Apostolico Vaticano, Vaticano<\/p>\n\n\n\n<p>p. Renzo De Luca SJ, Twenty-Six Martyrs&nbsp;Museum, Nagasaki, Japan<\/p>\n\n\n\n<p>S.E. Amb. Akira Chiba, Ambasciata del Giappone presso la Santa Sede<\/p>\n\n\n\n<p>S.E. Amb. Dr. Mario Vattani, Commissario Generale per l\u2019Italia a Expo 2025 Osaka, MAECI<\/p>\n\n\n\n<p><strong>INTERNATIONAL SCIENTIFIC COMMITTEE<\/strong><\/p>\n\n\n\n<p>Dr. Stefano Riccardi, Direttore Padiglione Santa Sede, Expo 2025 Osaka.<\/p>\n\n\n\n<p>Don Flavio Belluomini, direttore, Archivio Storico \u00abDe Propaganda Fide\u00bb<\/p>\n\n\n\n<p>Mons. Fabrizio Capanni, Dicastero per la Cultura e l\u2019Educazione<\/p>\n\n\n\n<p>Dr. Davide Mambriani, Dicastero per l\u2019Evangelizzazione Sezione per le questioni fondamentali dell\u2019evangelizzazione nel mondo; Giubileo 2025<\/p>\n\n\n\n<p>Dr. Kazuo Miyata, Twenty-Six Martyrs&nbsp;Museum, Nagasaki, Japan<\/p>\n\n\n\n<p>Prof.ssa Mariko Muramatsu, The University of Tokyo<\/p>\n\n\n\n<p>Prof. Carlo Pelliccia, Universit\u00e0 degli Studi Internazionali di Roma<\/p>\n\n\n\n<p>Dr. Tommaso Maria Rossi, Archivio Storico Diocesano di Lucca<\/p>\n\n\n\n<p>Dr. Matteo Sapio, Kadokawa Culture Promotion Foundation, Tokyo<\/p>\n\n\n\n<p>Dott.ssa Minako Uchijima, Nagasaki Oura Church, Christian Museum<\/p>\n\n\n\n<p>Dr. Luigi Viani, Fondazione Giacomo Puccini<\/p>\n","protected":false},"excerpt":{"rendered":"<p>GENERAL COORDINATION S.E.R. mons. Paolo Giulietti, Arcivescovo di Lucca SCIENTIFIC COORDINATION Prof. Arch. Olimpia Niglio, Universit\u00e0 di Pavia, Arcidiocesi di Lucca HONORARY COMMITTEE S.E.R. Cardinale Jean-Claude Hollerich SJ, Arcivescovo di Luxembourg S.E.R. Card. Jos\u00e9 Tolentino Cala\u00e7a De Mendon\u00e7a, Prefetto del<\/p>\n","protected":false},"author":243,"featured_media":0,"parent":0,"menu_order":0,"comment_status":"closed","ping_status":"closed","template":"","meta":{"footnotes":""},"class_list":["post-698","page","type-page","status-publish","hentry"],"_links":{"self":[{"href":"https:\/\/www.diocesilucca.it\/thesaurumfidei\/wp-json\/wp\/v2\/pages\/698","targetHints":{"allow":["GET"]}}],"collection":[{"href":"https:\/\/www.diocesilucca.it\/thesaurumfidei\/wp-json\/wp\/v2\/pages"}],"about":[{"href":"https:\/\/www.diocesilucca.it\/thesaurumfidei\/wp-json\/wp\/v2\/types\/page"}],"author":[{"embeddable":true,"href":"https:\/\/www.diocesilucca.it\/thesaurumfidei\/wp-json\/wp\/v2\/users\/243"}],"replies":[{"embeddable":true,"href":"https:\/\/www.diocesilucca.it\/thesaurumfidei\/wp-json\/wp\/v2\/comments?post=698"}],"version-history":[{"count":13,"href":"https:\/\/www.diocesilucca.it\/thesaurumfidei\/wp-json\/wp\/v2\/pages\/698\/revisions"}],"predecessor-version":[{"id":2154,"href":"https:\/\/www.diocesilucca.it\/thesaurumfidei\/wp-json\/wp\/v2\/pages\/698\/revisions\/2154"}],"wp:attachment":[{"href":"https:\/\/www.diocesilucca.it\/thesaurumfidei\/wp-json\/wp\/v2\/media?parent=698"}],"curies":[{"name":"wp","href":"https:\/\/api.w.org\/{rel}","templated":true}]}}