{"id":780,"date":"2021-09-27T16:25:05","date_gmt":"2021-09-27T14:25:05","guid":{"rendered":"https:\/\/www.diocesilucca.it\/missioni\/?page_id=780"},"modified":"2026-03-13T11:28:53","modified_gmt":"2026-03-13T10:28:53","slug":"rwanda-2","status":"publish","type":"page","link":"https:\/\/www.diocesilucca.it\/missioni\/rwanda-2\/","title":{"rendered":"Rwanda"},"content":{"rendered":"\n<div class=\"wp-block-cover alignfull is-light\" style=\"min-height:524px;aspect-ratio:unset;\"><img loading=\"lazy\" decoding=\"async\" width=\"1560\" height=\"2560\" class=\"wp-block-cover__image-background wp-image-863\" alt=\"\" src=\"https:\/\/www.diocesilucca.it\/missioni\/wp-content\/uploads\/sites\/7\/2021\/10\/DSC_0009-scaled.jpg\" style=\"object-position:59% 25%\" data-object-fit=\"cover\" data-object-position=\"59% 25%\" srcset=\"https:\/\/www.diocesilucca.it\/missioni\/wp-content\/uploads\/sites\/7\/2021\/10\/DSC_0009-scaled.jpg 1560w, https:\/\/www.diocesilucca.it\/missioni\/wp-content\/uploads\/sites\/7\/2021\/10\/DSC_0009-183x300.jpg 183w, https:\/\/www.diocesilucca.it\/missioni\/wp-content\/uploads\/sites\/7\/2021\/10\/DSC_0009-624x1024.jpg 624w, https:\/\/www.diocesilucca.it\/missioni\/wp-content\/uploads\/sites\/7\/2021\/10\/DSC_0009-768x1261.jpg 768w, https:\/\/www.diocesilucca.it\/missioni\/wp-content\/uploads\/sites\/7\/2021\/10\/DSC_0009-936x1536.jpg 936w, https:\/\/www.diocesilucca.it\/missioni\/wp-content\/uploads\/sites\/7\/2021\/10\/DSC_0009-1248x2048.jpg 1248w\" sizes=\"auto, (max-width: 1560px) 100vw, 1560px\" \/><span aria-hidden=\"true\" class=\"wp-block-cover__background has-background-dim\"><\/span><div class=\"wp-block-cover__inner-container is-layout-flow wp-block-cover-is-layout-flow\">\n<h2 class=\"wp-block-heading has-text-align-center has-white-color has-text-color has-link-color has-large-font-size wp-elements-90aae79441ebe2f7e900cc0688cec948\">RWANDA<\/h2>\n<\/div><\/div>\n\n\n\n<div style=\"height:100px\" aria-hidden=\"true\" class=\"wp-block-spacer\"><\/div>\n\n\n\n<div class=\"wp-block-columns alignwide are-vertically-aligned-center is-layout-flex wp-container-core-columns-is-layout-28f84493 wp-block-columns-is-layout-flex\">\n<div class=\"wp-block-column is-layout-flow wp-block-column-is-layout-flow\" style=\"flex-basis:50%\">\n<p class=\"has-text-color\" style=\"color:#000000;font-size:30px;line-height:1.1\"><strong><em>Country profile<\/em><\/strong><\/p>\n\n\n\n<p class=\"has-cyan-bluish-gray-color has-text-color\">Rwanda<\/p>\n<\/div>\n\n\n\n<div class=\"wp-block-column has-luminous-vivid-orange-color has-text-color is-layout-flow wp-block-column-is-layout-flow\" style=\"flex-basis:50%\">\n<hr class=\"wp-block-separator has-text-color has-luminous-vivid-orange-color has-css-opacity has-luminous-vivid-orange-background-color has-background is-style-wide\" \/>\n<\/div>\n<\/div>\n\n\n\n<figure class=\"wp-block-table\"><table class=\"has-black-color has-text-color\"><tbody><tr><td>Nome ufficiale<\/td><td><strong>Repubblica del Ruanda<\/strong><\/td><\/tr><tr><td>Forma di governo<\/td><td><strong><strong> <strong>Presidenziale<\/strong> <\/strong><\/strong><\/td><\/tr><tr><td>Capo di Stato<\/td><td><strong>Paul Kagame<\/strong><\/td><\/tr><\/tbody><\/table><\/figure>\n\n\n\n<div class=\"wp-block-columns is-layout-flex wp-container-core-columns-is-layout-28f84493 wp-block-columns-is-layout-flex\">\n<div class=\"wp-block-column is-layout-flow wp-block-column-is-layout-flow\">\n<figure class=\"wp-block-table is-style-regular\"><table class=\"has-black-color has-text-color\"><tbody><tr><td> Superficie <\/td><td> <strong><strong>26.338 km\u00b2<\/strong><\/strong><\/td><\/tr><tr><td> Capitale<\/td><td> <strong>Kigali<\/strong> <\/td><\/tr><tr><td>Citt\u00e0 principali<\/td><td> <strong><strong>Butare, Kigali<\/strong> <\/strong>  <\/td><\/tr><tr><td>Lingua ufficiale <\/td><td><strong> <strong>inglese, francese, Kinyarwanda, Kiswahili<\/strong> <\/strong><\/td><\/tr><tr><td>Lingua comune<\/td><td> <strong>Kinyarwanda<\/strong> <\/td><\/tr><tr><td> Valuta <\/td><td> <strong>Franco ruandese<\/strong> (1 EUR = 1186 RWF a marzo 2021) <\/td><\/tr><tr><td> Giorni festivi <\/td><td> <strong><strong>4 luglio<\/strong><\/strong><\/td><\/tr><\/tbody><\/table><\/figure>\n<\/div>\n\n\n\n<div class=\"wp-block-column is-layout-flow wp-block-column-is-layout-flow\">\n<figure class=\"wp-block-table\"><table class=\"has-black-color has-text-color\"><tbody><tr><td> Popolazione<\/td><td><strong> <strong>12,6 milioni (2019)<\/strong> <\/strong><\/td><\/tr><tr><td>Densit\u00e0<\/td><td><strong><strong><strong>498 abitanti\/km\u00b2 (2018)<\/strong><\/strong><\/strong><\/td><\/tr><tr><td>Tasso di urbanizzazione<\/td><td><strong><strong><strong>17% (2019)<\/strong><\/strong><\/strong><\/td><\/tr><tr><td>Tasso di crescita della popolazione<\/td><td><strong><strong>2,6% (2019)<\/strong><\/strong><\/td><\/tr><tr><td>Aspettativa di vita<\/td><td><strong><strong><strong>68,7 anni (2018)<\/strong><\/strong><\/strong><\/td><\/tr><tr><td>Tasso di alfabetizzazione<\/td><td><strong> <strong>73% (2018)<\/strong> <\/strong><\/td><\/tr><tr><td> Religione(i):  <\/td><td><strong> <strong>cattolica (56,9%); protestante (26%); avventista<\/strong> (11,1%); musulmana (4,6%); animista (0,1%); altra (1,7%) <\/strong><\/td><\/tr><tr><td> Classifica di Transparency International <\/td><td><strong><strong> <strong>51\u00b0 su 180 paesi (2019)<\/strong> <\/strong><\/strong><\/td><\/tr><\/tbody><\/table><\/figure>\n<\/div>\n<\/div>\n\n\n\n<div class=\"wp-block-group has-white-color has-white-background-color has-text-color has-background is-layout-flow wp-block-group-is-layout-flow\">\n<div class=\"wp-block-columns is-layout-flex wp-container-core-columns-is-layout-28f84493 wp-block-columns-is-layout-flex\">\n<div class=\"wp-block-column has-black-color has-text-color is-layout-flow wp-block-column-is-layout-flow\">\n<p>Il presidente Kagame, cresciuto in esilio in Uganda, \u00e8 diventato il leader del Ruanda dopo il genocidio tutsi del 1994 e la vittoria dell&#8217;esercito patriottico ruandese (il braccio armato del partito politico di Paul Kagame, il Fronte patriottico ruandese). Nell&#8217;aprile 2000, Paul Kagame \u00e8 stato nominato presidente della Repubblica del Ruanda. \u00c8 stato eletto presidente nel 2003 e nel 2010 con pi\u00f9 del 90% dei voti. Una riforma costituzionale, adottata con un referendum il 18 dicembre 2015, ha permesso al presidente Kagame di correre per un terzo mandato nelle elezioni del 2017. \u00c8 stato rieletto il 4 agosto 2017 con il 98,75% dei voti.<\/p>\n\n\n\n<p>In risposta alla pandemia Covid-19, il presidente Kagame \u00e8 stato il primo leader africano a ordinare un contenimento totale, attuato il 22 marzo 2020, cos\u00ec come una chiusura totale delle attivit\u00e0 non essenziali, delle frontiere e degli aeroporti.<\/p>\n<\/div>\n\n\n\n<div class=\"wp-block-column is-layout-flow wp-block-column-is-layout-flow\">\n<p class=\"has-black-color has-text-color\"> Queste misure sono state allentate dal 4 maggio con la riapertura della maggior parte delle imprese. Un nuovo blocco \u00e8 stato introdotto nella capitale Kigali il 19 gennaio 2021 e allentato l&#8217;8 febbraio per poi riprendere nel periodo estivo e terminare con la met\u00e0 di agosto 2021.<br><\/p>\n\n\n\n<p class=\"has-black-color has-text-color\"><strong>Tra il 2008 e il 2018,<\/strong> il Ruanda ha registrato la crescita pi\u00f9 forte della Comunit\u00e0 dell&#8217;Africa orientale (EAC) con una media del <strong>7,4% all&#8217;anno<\/strong>, grazie a massicci investimenti pubblici volti a rendere il Ruanda un hub, prima per la logistica, poi per la finanza e l&#8217;innovazione.<\/p>\n\n\n\n<p class=\"has-black-color has-text-color\">Ha puntato a incentivare il turismo d&#8217;affari e ha fissato obiettivi ambiziosi per migliorare le infrastrutture stradali, ferroviarie e aeroportuali.<\/p>\n<\/div>\n\n\n\n<div class=\"wp-block-column is-layout-flow wp-block-column-is-layout-flow\">\n<p class=\"has-black-color has-text-color\">Diverse le riforme per migliorare il clima imprenditoriale che hanno determinato il passaggio del Paese dal 41\u00b0 posto nel 2018 al 38\u00b0 su 190 in Doing Business 2020. Nonostante questa forte crescita, il paese \u00e8 esposto a forti vincoli strutturali, come la sua natura senza sbocco sul mare e la ristrettezza del suo mercato interno <strong>(12 milioni di abitanti, PIL pro capite di 825 dollari nel 2019)<\/strong>. Cos\u00ec, il settore agricolo, che rappresenta <strong>il 31% del PIL e impiega il 62% della popolazione<\/strong>, \u00e8 caratterizzato da una bassa produttivit\u00e0.<br><\/p>\n\n\n\n<p class=\"has-black-color has-text-color\"><strong><em>La crescita del PIL nel 2019 ha raggiunto il 10,1% ed \u00e8 stata stimata all&#8217;8% nel 2020 prima della crisi. Le nuove stime prevedono un rallentamento al 3,5% nel 2020 secondo il FMI e al 2% secondo il governo ruandese.<\/em><\/strong><\/p>\n<\/div>\n<\/div>\n\n\n\n<p class=\"has-black-color has-text-color\"><br><\/p>\n\n\n\n<hr class=\"wp-block-separator has-text-color has-luminous-vivid-orange-color has-css-opacity has-luminous-vivid-orange-background-color has-background is-style-wide\" \/>\n\n\n\n<h2 class=\"wp-block-heading has-text-align-center has-luminous-vivid-orange-color has-text-color\"><strong>Progetti attivi<\/strong><\/h2>\n\n\n\n<div style=\"height:37px\" aria-hidden=\"true\" class=\"wp-block-spacer\"><\/div>\n\n\n\n<div class=\"wp-block-columns is-layout-flex wp-container-core-columns-is-layout-28f84493 wp-block-columns-is-layout-flex\">\n<div class=\"wp-block-column is-layout-flow wp-block-column-is-layout-flow\">\n<figure class=\"wp-block-image size-large\"><a href=\"https:\/\/www.diocesilucca.it\/missioni\/wp-content\/uploads\/sites\/7\/2021\/10\/DSC_0603-scaled.jpg\"><img loading=\"lazy\" decoding=\"async\" width=\"1024\" height=\"683\" src=\"https:\/\/www.diocesilucca.it\/missioni\/wp-content\/uploads\/sites\/7\/2021\/10\/DSC_0603-1024x683.jpg\" alt=\"\" class=\"wp-image-966\" srcset=\"https:\/\/www.diocesilucca.it\/missioni\/wp-content\/uploads\/sites\/7\/2021\/10\/DSC_0603-1024x683.jpg 1024w, https:\/\/www.diocesilucca.it\/missioni\/wp-content\/uploads\/sites\/7\/2021\/10\/DSC_0603-300x200.jpg 300w, https:\/\/www.diocesilucca.it\/missioni\/wp-content\/uploads\/sites\/7\/2021\/10\/DSC_0603-768x512.jpg 768w, https:\/\/www.diocesilucca.it\/missioni\/wp-content\/uploads\/sites\/7\/2021\/10\/DSC_0603-1536x1025.jpg 1536w, https:\/\/www.diocesilucca.it\/missioni\/wp-content\/uploads\/sites\/7\/2021\/10\/DSC_0603-2048x1367.jpg 2048w\" sizes=\"auto, (max-width: 1024px) 100vw, 1024px\" \/><\/a><\/figure>\n<\/div>\n\n\n\n<div class=\"wp-block-column is-layout-flow wp-block-column-is-layout-flow\">\n<h2 class=\"wp-block-heading\"><strong><em>A piccoli passi<\/em><\/strong><\/h2>\n\n\n\n<p class=\"has-black-color has-text-color\">In collaborazione con <a href=\"https:\/\/amaninyayo.it\/\">Amani Nyayo<\/a> e Caritas della Diocesi di Byumba (in regime di convenzione con la chiesa di Lucca).<\/p>\n\n\n\n<div class=\"wp-block-buttons is-layout-flex wp-block-buttons-is-layout-flex\">\n<div class=\"wp-block-button\"><a class=\"wp-block-button__link has-white-color has-luminous-vivid-orange-background-color has-text-color has-background wp-element-button\" href=\"https:\/\/www.diocesilucca.it\/missioni\/a-piccoli-passi\/\">Per saperne di pi\u00f9<\/a><\/div>\n<\/div>\n<\/div>\n<\/div>\n\n\n\n<div style=\"height:65px\" aria-hidden=\"true\" class=\"wp-block-spacer\"><\/div>\n\n\n\n<div class=\"wp-block-columns is-layout-flex wp-container-core-columns-is-layout-28f84493 wp-block-columns-is-layout-flex\">\n<div class=\"wp-block-column is-layout-flow wp-block-column-is-layout-flow\">\n<h2 class=\"wp-block-heading has-text-align-right\"><strong><em>I figli del villaggio<\/em><\/strong><\/h2>\n\n\n\n<p class=\"has-text-align-right has-black-color has-text-color\">Sostegno ai bambini\/adolescenti orfani di genitori malati di AIDS.<\/p>\n\n\n\n<div class=\"wp-block-buttons is-horizontal is-content-justification-right is-layout-flex wp-container-core-buttons-is-layout-30af2ff6 wp-block-buttons-is-layout-flex\">\n<div class=\"wp-block-button\"><a class=\"wp-block-button__link has-white-color has-luminous-vivid-orange-background-color has-text-color has-background wp-element-button\" href=\"https:\/\/www.diocesilucca.it\/missioni\/i-figli-del-villaggio\/\">Per saperne di pi\u00f9<\/a><\/div>\n<\/div>\n<\/div>\n\n\n\n<div class=\"wp-block-column is-layout-flow wp-block-column-is-layout-flow\">\n<figure class=\"wp-block-image size-large\"><a href=\"https:\/\/www.diocesilucca.it\/missioni\/wp-content\/uploads\/sites\/7\/2021\/11\/IMG-20200616-WA0028.jpg\"><img loading=\"lazy\" decoding=\"async\" width=\"1024\" height=\"1024\" src=\"https:\/\/www.diocesilucca.it\/missioni\/wp-content\/uploads\/sites\/7\/2021\/11\/IMG-20200616-WA0028-1024x1024.jpg\" alt=\"\" class=\"wp-image-1335\" srcset=\"https:\/\/www.diocesilucca.it\/missioni\/wp-content\/uploads\/sites\/7\/2021\/11\/IMG-20200616-WA0028-1024x1024.jpg 1024w, https:\/\/www.diocesilucca.it\/missioni\/wp-content\/uploads\/sites\/7\/2021\/11\/IMG-20200616-WA0028-300x300.jpg 300w, https:\/\/www.diocesilucca.it\/missioni\/wp-content\/uploads\/sites\/7\/2021\/11\/IMG-20200616-WA0028-150x150.jpg 150w, https:\/\/www.diocesilucca.it\/missioni\/wp-content\/uploads\/sites\/7\/2021\/11\/IMG-20200616-WA0028-768x768.jpg 768w, https:\/\/www.diocesilucca.it\/missioni\/wp-content\/uploads\/sites\/7\/2021\/11\/IMG-20200616-WA0028-270x270.jpg 270w, https:\/\/www.diocesilucca.it\/missioni\/wp-content\/uploads\/sites\/7\/2021\/11\/IMG-20200616-WA0028-230x230.jpg 230w, https:\/\/www.diocesilucca.it\/missioni\/wp-content\/uploads\/sites\/7\/2021\/11\/IMG-20200616-WA0028.jpg 1080w\" sizes=\"auto, (max-width: 1024px) 100vw, 1024px\" \/><\/a><\/figure>\n<\/div>\n<\/div>\n\n\n\n<div style=\"height:37px\" aria-hidden=\"true\" class=\"wp-block-spacer\"><\/div>\n\n\n\n<hr class=\"wp-block-separator has-text-color has-luminous-vivid-orange-color has-css-opacity has-luminous-vivid-orange-background-color has-background is-style-wide\" \/>\n\n\n\n<h2 class=\"wp-block-heading has-text-align-center has-luminous-vivid-orange-color has-text-color\"><strong>Progetti terminati<\/strong><\/h2>\n\n\n\n<div style=\"height:37px\" aria-hidden=\"true\" class=\"wp-block-spacer\"><\/div>\n\n\n\n<div class=\"wp-block-columns is-layout-flex wp-container-core-columns-is-layout-28f84493 wp-block-columns-is-layout-flex\">\n<div class=\"wp-block-column is-layout-flow wp-block-column-is-layout-flow\">\n<h3 class=\"wp-block-heading has-cyan-bluish-gray-color has-text-color\">2016-2017<\/h3>\n\n\n\n<h2 class=\"wp-block-heading\"><strong><strong><em>Mucca energetica<\/em><\/strong><\/strong><\/h2>\n\n\n\n<p class=\"has-black-color has-text-color\">Provincia dell\u2019<em>Umutara,&nbsp;<\/em>Regione dei Grandi Laghi \u2013 Ruanda<\/p>\n\n\n\n<p class=\"has-black-color has-text-color\">Intervento sulle energie rinnovabili volto all\u2019utilizzo dello sterco di origine animale (mucca) per alimentare un impianto a gas ad uso familiare.<\/p>\n<\/div>\n\n\n\n<div class=\"wp-block-column is-layout-flow wp-block-column-is-layout-flow\">\n<h3 class=\"wp-block-heading has-cyan-bluish-gray-color has-text-color\">2015-2016<\/h3>\n\n\n\n<h2 class=\"wp-block-heading\"><strong><em>Allevamento maiali&nbsp;<\/em><\/strong><\/h2>\n\n\n\n<p class=\"has-black-color has-text-color\">a sostegno della Casa della Misericordia che ospita bambini malati e\/o orfani per aids nel villaggio di Nyarurema in Rwanda.<br><\/p>\n\n\n\n<p class=\"has-black-color has-text-color\">Il progetto che ha garantito l\u2019acquisto di 2 maiali adulti, 1 scrofa e 8 piccoli maiali si \u00e8 sviluppato tra il 2015 e il 2016 grazie al contributo della parrocchia di San Pietro a Vico e del suo parroco Luigi Sonnenfeld ma i suoi frutti sono visibili anche oggi all\u2019interno della struttura.<\/p>\n<\/div>\n<\/div>\n\n\n\n<div class=\"wp-block-media-text alignwide is-stacked-on-mobile is-image-fill-element\"><figure class=\"wp-block-media-text__media\"><img loading=\"lazy\" decoding=\"async\" width=\"1024\" height=\"768\" src=\"https:\/\/www.diocesilucca.it\/missioni\/wp-content\/uploads\/sites\/7\/2021\/11\/DSCN4745-1024x768.jpg\" alt=\"\" class=\"wp-image-1319 size-full\" style=\"object-position:49% 46%\" srcset=\"https:\/\/www.diocesilucca.it\/missioni\/wp-content\/uploads\/sites\/7\/2021\/11\/DSCN4745-1024x768.jpg 1024w, https:\/\/www.diocesilucca.it\/missioni\/wp-content\/uploads\/sites\/7\/2021\/11\/DSCN4745-300x225.jpg 300w, https:\/\/www.diocesilucca.it\/missioni\/wp-content\/uploads\/sites\/7\/2021\/11\/DSCN4745-768x576.jpg 768w, https:\/\/www.diocesilucca.it\/missioni\/wp-content\/uploads\/sites\/7\/2021\/11\/DSCN4745-1536x1152.jpg 1536w, https:\/\/www.diocesilucca.it\/missioni\/wp-content\/uploads\/sites\/7\/2021\/11\/DSCN4745-2048x1536.jpg 2048w\" sizes=\"auto, (max-width: 1024px) 100vw, 1024px\" \/><\/figure><div class=\"wp-block-media-text__content\">\n<h3 class=\"wp-block-heading has-cyan-bluish-gray-color has-text-color\">2015-2016<\/h3>\n\n\n\n<h2 class=\"wp-block-heading\"><strong><em>Exodus<\/em><\/strong><\/h2>\n\n\n\n<p class=\"has-black-color has-text-color\"><strong>Progetto di reintegrazione e rieducazione sociale dei ragazzi di strada<\/strong><\/p>\n\n\n\n<p class=\"has-black-color has-text-color\"><strong>Luogo: <\/strong>Distretto di Nyagatare, Rwanda<\/p>\n\n\n\n<p class=\"has-black-color has-text-color\"><strong>Obiettivi specifici:<\/strong><\/p>\n\n\n\n<ul class=\"wp-block-list has-black-color has-text-color\">\n<li>Accompagnare i ragazzi di strada nel loro recupero fisico e psicologico incoraggiando forme di abbandono dal consumo di droghe.<\/li>\n\n\n\n<li>Sviluppare forme di counselling x favorire \u201cla ricostruzione dell\u2019identit\u00e0 personale\u201d di ogni ospite.<\/li>\n\n\n\n<li>Favorire l\u2019istruzione e il recupero scolastico di soggetti che hanno abbandonato la scuola<\/li>\n\n\n\n<li>Promuovere percorsi di formazione professionale per creare piccole attivit\u00e0 generatrici di reddito.<\/li>\n<\/ul>\n\n\n\n<p class=\"has-black-color has-text-color\"><strong>Beneficiari:<\/strong><\/p>\n\n\n\n<p class=\"has-black-color has-text-color\">45 ragazzi ospiti del centro, in particolare:<\/p>\n\n\n\n<ul class=\"wp-block-list has-black-color has-text-color\">\n<li>Ragazzi di strada, e\/o con dipendenze da droghe\/alcool<\/li>\n\n\n\n<li>orfani di genocidio e x Aids<\/li>\n\n\n\n<li>Ragazzi provenienti da contesti familiari critici<\/li>\n<\/ul>\n\n\n\n<ol start=\"9\" class=\"wp-block-list has-black-color has-text-color\">\n<li>ragazzi che frequentano scuole secondarie con internato<\/li>\n<\/ol>\n\n\n\n<p class=\"has-black-color has-text-color\">120 studenti che frequentano la scuola professionale del Centro Exodus<\/p>\n<\/div><\/div>\n\n\n\n<div class=\"wp-block-columns is-layout-flex wp-container-core-columns-is-layout-28f84493 wp-block-columns-is-layout-flex\">\n<div class=\"wp-block-column is-layout-flow wp-block-column-is-layout-flow\">\n<h3 class=\"wp-block-heading has-cyan-bluish-gray-color has-text-color\">2013-2015<\/h3>\n\n\n\n<h2 class=\"wp-block-heading\"><strong><em>Una mucca da Lucca<\/em><\/strong><\/h2>\n\n\n\n<p class=\"has-black-color has-text-color\"><strong>Luogo<\/strong>: Provincia dell\u2019Umutara, stato dei grandi laghi Rwanda<\/p>\n\n\n\n<p class=\"has-black-color has-text-color\"><strong>Obiettivo<\/strong>: Acquistare una mucca da destinare alle famiglie pi\u00f9 indigenti per contribuire alla lotta alla malnutrizione infantile corresponsabilizzando i nuclei familiari nel cedere il vitello, primo nato, ad altre famiglie in stato di bisogno economico e sociale secondo una logica \u201cdi mutuo-aiuto\u201d.<\/p>\n\n\n\n<figure class=\"wp-block-table\"><table class=\"has-black-color has-text-color\"><tbody><tr><td><br><em>Nel corso del progetto \u201c<\/em><em><strong>Una mucca da Lucca<\/strong><\/em><em>\u201d sono state consegnate complessivamente 143 mucche di cui 3 sono morte, 1 \u00e8 stata rubata e ben 139 si sono riprodotte raggiungendo quota 278 ripartite tra i nuclei familiari pi\u00f9 indigenti.<\/em><\/td><\/tr><\/tbody><\/table><\/figure>\n\n\n\n<p class=\"has-black-color has-text-color\"><\/p>\n<\/div>\n\n\n\n<div class=\"wp-block-column is-layout-flow wp-block-column-is-layout-flow\">\n<h3 class=\"wp-block-heading has-cyan-bluish-gray-color has-text-color\">2009-2013<\/h3>\n\n\n\n<h2 class=\"wp-block-heading\">Aiutiamo il Rwanda a vederci meglio<\/h2>\n\n\n\n<p class=\"has-black-color has-text-color\"><strong>Luogo:<\/strong> Villaggio di Nyarurema e Nyagatare ospedale di Gahini, Rwanda<\/p>\n\n\n\n<p class=\"has-black-color has-text-color\"><strong>Obiettivo:<\/strong> combattere la cecit\u00e0 e le gravi minorazioni visive, quali la catarrata, il glaucoma, il tracoma, l\u2019oncocercosi.<\/p>\n\n\n\n<figure class=\"wp-block-image size-large\"><a href=\"https:\/\/www.diocesilucca.it\/missioni\/wp-content\/uploads\/sites\/7\/2021\/11\/P1130868-scaled.jpg\"><img loading=\"lazy\" decoding=\"async\" width=\"1024\" height=\"768\" src=\"https:\/\/www.diocesilucca.it\/missioni\/wp-content\/uploads\/sites\/7\/2021\/11\/P1130868-1024x768.jpg\" alt=\"\" class=\"wp-image-1318\" srcset=\"https:\/\/www.diocesilucca.it\/missioni\/wp-content\/uploads\/sites\/7\/2021\/11\/P1130868-1024x768.jpg 1024w, https:\/\/www.diocesilucca.it\/missioni\/wp-content\/uploads\/sites\/7\/2021\/11\/P1130868-300x225.jpg 300w, https:\/\/www.diocesilucca.it\/missioni\/wp-content\/uploads\/sites\/7\/2021\/11\/P1130868-768x576.jpg 768w, https:\/\/www.diocesilucca.it\/missioni\/wp-content\/uploads\/sites\/7\/2021\/11\/P1130868-1536x1152.jpg 1536w, https:\/\/www.diocesilucca.it\/missioni\/wp-content\/uploads\/sites\/7\/2021\/11\/P1130868-2048x1536.jpg 2048w\" sizes=\"auto, (max-width: 1024px) 100vw, 1024px\" \/><\/a><\/figure>\n<\/div>\n<\/div>\n<\/div>\n\n\n\n<hr class=\"wp-block-separator has-alpha-channel-opacity is-style-wide\" style=\"margin-top:var(--wp--preset--spacing--20);margin-bottom:var(--wp--preset--spacing--20)\" \/>\n\n\n\n<h2 class=\"wp-block-heading\"><strong>Testimonianze<\/strong><\/h2>\n\n\n\n<div class=\"wp-block-columns is-layout-flex wp-container-core-columns-is-layout-28f84493 wp-block-columns-is-layout-flex\">\n<div class=\"wp-block-column is-layout-flow wp-block-column-is-layout-flow\">\n<blockquote class=\"wp-block-quote is-layout-flow wp-block-quote-is-layout-flow\">\n<p>Mi chiamo ISHIMWE Julienne e ho 16 anni.<\/p>\n\n\n\n<p>Ho sempre vissuto con mia zia materna fin da piccola, o almeno, da quando ho l\u2019et\u00e0 della ragione, e alla domanda : \u00ab dov\u2019\u00e8 mia mamma \u00bb mia zia ha sempre risposto : \u00ab \u00e8 morta \u00bb. Gli ho chiesto : \u00ab di cosa \u00e8 morta ? \u00bb e lei: \u00ab&nbsp; per l\u2019Aids , un virus letale che entra nel sangue di una persona e la rende progressivamente molto fragile e debole fino a condurla alla morte \u00bb a qual punto mi sono messa a piangere. Ho chiesto a mia zia di portarmi da mio padre e cos\u00ec \u00e8 stato.<\/p>\n\n\n\n<p>Quando mio padre ha visto il mio stato di salute ha deciso di portarmi insieme agli altri fratelli all\u2019ospedale per fare il test dell\u2019HIV. La sentenza stava per essere emessa\u2026\u2026mio padre ed io siamo risultati gli unici della famiglia ad aver contratto la malattia.<\/p>\n\n\n\n<p><strong><em>Ogni giorno diventavamo sempre pi\u00f9 deboli, io mi ammalavo con frequenza e pap\u00e0 era diventato uno scheletro di pelle e ossa tant\u2019\u00e8 che un giorno \u00e8 caduto a terra con le gambe paralizzate<\/em><\/strong>\u2026..<strong><em>Un giorno, durante la visita di un amico, ci \u00e8 stato consigliato di andare nel villaggio di Nyarurema presso la Casa della Misericordia<\/em><\/strong> che accoglie persone malate di aids. Una volta l\u00ec, le persone che ci hanno accolto, mi hanno dato tutto il necessario per il cibo, l&#8217;igiene e l&#8217;assistenza medica. Il mio fisico rispondeva poco alle cure che mi venivano date, pertanto, ho dovuto cambiare il tipo di trattamento e passare dalla seconda linea alla terza ma siccome continuavo a rimanere molto debole non riuscivo neanche a seguire le lezioni in classe e son stata obbligata interrompere gli studi&nbsp; nel 2015.<\/p>\n\n\n\n<p>Solo nel giugno dell\u2019anno 2016 \u00e8 stato scoperto che tutti i farmaci rivenuti in Ruanda presentavano un difetto. Nell\u2019ottobre dello stesso anno la RBC (RWANDA TRA BIOMEDICA) ha denunciato il fatto e si \u00e8 mobilitata per ricercare un farmaco pi\u00f9 potente ed efficace negli Stati Uniti (USA). Fino a quell momento ero scoraggiata, avevo perso la voglia di vivere, poi, col nuovo farmaco il mio fisico ha cominciato a recuperare. Ho preso ben 18 Kg passando da 27 a 45 Kg.<\/p>\n\n\n\n<p>Ora ho una speranza di vita, una chance che mi \u00e8 stata offerta, un opportunit\u00e0 per crescere, per costruirmi un futuro a partire dai miei studi, infatti, l\u2019anno prossimo mi iscriver\u00f2 per la seconda volta a scuola\u2026\u2026.dopo una pausa di tre anni, mi sento pronta!\u2026.<strong>e se qualcuno oggi mi chiedesse: \u201cvuoi vivere\u2019?\u201d risponderei senza esitazione: \u201c<em>S\u00ec! Ne ho il diritto<\/em>!\u201d<\/strong><\/p>\n\n\n\n<p>JULIENNE<\/p>\n<\/blockquote>\n\n\n\n<p><\/p>\n<\/div>\n\n\n\n<div class=\"wp-block-column is-layout-flow wp-block-column-is-layout-flow\">\n<figure class=\"wp-block-image size-large\"><a href=\"https:\/\/www.diocesilucca.it\/missioni\/wp-content\/uploads\/sites\/7\/2019\/05\/Testimonianza3-1.jpg\"><img loading=\"lazy\" decoding=\"async\" width=\"724\" height=\"1024\" src=\"https:\/\/www.diocesilucca.it\/missioni\/wp-content\/uploads\/sites\/7\/2019\/05\/Testimonianza3-1-724x1024.jpg\" alt=\"\" class=\"wp-image-456\" srcset=\"https:\/\/www.diocesilucca.it\/missioni\/wp-content\/uploads\/sites\/7\/2019\/05\/Testimonianza3-1-724x1024.jpg 724w, https:\/\/www.diocesilucca.it\/missioni\/wp-content\/uploads\/sites\/7\/2019\/05\/Testimonianza3-1-212x300.jpg 212w, https:\/\/www.diocesilucca.it\/missioni\/wp-content\/uploads\/sites\/7\/2019\/05\/Testimonianza3-1-768x1086.jpg 768w, https:\/\/www.diocesilucca.it\/missioni\/wp-content\/uploads\/sites\/7\/2019\/05\/Testimonianza3-1-1320x1867.jpg 1320w, https:\/\/www.diocesilucca.it\/missioni\/wp-content\/uploads\/sites\/7\/2019\/05\/Testimonianza3-1.jpg 1654w\" sizes=\"auto, (max-width: 724px) 100vw, 724px\" \/><\/a><\/figure>\n<\/div>\n<\/div>\n\n\n\n<div class=\"wp-block-columns is-layout-flex wp-container-core-columns-is-layout-28f84493 wp-block-columns-is-layout-flex\">\n<div class=\"wp-block-column is-layout-flow wp-block-column-is-layout-flow\">\n<figure class=\"wp-block-image size-large\"><a href=\"https:\/\/www.diocesilucca.it\/missioni\/wp-content\/uploads\/sites\/7\/2019\/05\/Testimonianza-foto-1-1.jpg\"><img loading=\"lazy\" decoding=\"async\" width=\"724\" height=\"1024\" src=\"https:\/\/www.diocesilucca.it\/missioni\/wp-content\/uploads\/sites\/7\/2019\/05\/Testimonianza-foto-1-1-724x1024.jpg\" alt=\"\" class=\"wp-image-445\" srcset=\"https:\/\/www.diocesilucca.it\/missioni\/wp-content\/uploads\/sites\/7\/2019\/05\/Testimonianza-foto-1-1-724x1024.jpg 724w, https:\/\/www.diocesilucca.it\/missioni\/wp-content\/uploads\/sites\/7\/2019\/05\/Testimonianza-foto-1-1-212x300.jpg 212w, https:\/\/www.diocesilucca.it\/missioni\/wp-content\/uploads\/sites\/7\/2019\/05\/Testimonianza-foto-1-1-768x1086.jpg 768w, https:\/\/www.diocesilucca.it\/missioni\/wp-content\/uploads\/sites\/7\/2019\/05\/Testimonianza-foto-1-1-1320x1867.jpg 1320w, https:\/\/www.diocesilucca.it\/missioni\/wp-content\/uploads\/sites\/7\/2019\/05\/Testimonianza-foto-1-1.jpg 1654w\" sizes=\"auto, (max-width: 724px) 100vw, 724px\" \/><\/a><\/figure>\n<\/div>\n\n\n\n<div class=\"wp-block-column is-layout-flow wp-block-column-is-layout-flow\">\n<blockquote class=\"wp-block-quote is-layout-flow wp-block-quote-is-layout-flow\">\n<p id=\"block-eaaab3b2-7269-4cb6-8bf0-1438a0c0f382\">Mi chiamo <strong>HABIMANA Patience<\/strong>. Ho 28 anni sono ruandese e ho contratto l\u2019Aids\u2026\u2026vorrei testimoniare con le mie parole come si possa tornare a vivere dopo un anno critico e infelice.<br>Nasco nel 1993 Dopo soli tre mesi la mia famiglia \u00e8 stata costretta all\u2019esilio a causa del genocidio di cui erano vittime i tutsi.<br>Dopo 3 anni di esilio, siamo tornati al nostro Paese. Purtroppo i miei genitori si sono separati e io sono rimasto con due fratelli e una sorella e la nostra mamma molto ammalata.<br>Ho iniziato la scuola primaria all&#8217;et\u00e0 di 5 anni. All\u2019inizio del 3 \u00b0 anno mia madre \u00e8 morta, la mia vita \u00e8 cambiata radicalmente, i miei fratelli sono andati via di casa e mi son trovato con mia sorella. Son stato costretto a smettere di studiare perch\u00e8 non potevo sostenere le spese scolastiche e dopo due anni, fortunatamente, ho trovato aiuto dalla Caritas Ruanda che mi ha sostenuto nello studio.<br>Un giorno, di ritorno dal Centro di salute, dopo che mi ero messo a piangere con l\u2019infermiera incaricata della distribuzione dei farmaci antiretrovirali, ho incontrato una signora della <em>Casa della Misericordia<\/em> che mi ha invitato all\u2019interno della struttura, mi ha palato e confortato e mi ha offerto del cibo prima di rientrare a casa.<br>Il giorno dopo, arrivando a scuola chiedo all&#8217;infermiera della scuola: \u201cuna persona affetta da HIV pu\u00f2 vivere\u2019?\u201d a questa domanda&nbsp; mi \u00e8 stato risposto che se vengono seguiti i consigli e le prescrizioni del medico si pu\u00f2 vivere a lungo, si pu\u00f2 studiare e rifarsi una vita.<br><strong><em>Mi sono sentito rassicurato da queste parole e ho sorriso.<br><\/em><\/strong>Ho deciso di seguire regolarmente il trattamento perch\u00e8 la vita \u00e8 un dono troppo bello da sprecare.<br><strong><em>Mi sono reso conto che anche io valgo qualcosa, anzi, di pi\u00f9! Perch\u00e8 posso essere da esempio per altri per lanciare un messaggio di gioia, di conforto e di inconraggiamento.<br><\/em><\/strong>Ho continuato gli studi prendendo il diploma e alla fine sono riuscito, con l\u2019aiuto di Dio, a iniziare la facolt\u00e0 di veterinaria grazie a un sostegno agli studi dall\u2019Italia. Sono contento perch\u00e8 sto dimostrando a me stesso che ce la posso fare!<\/p>\n\n\n\n<p>PATIENCE<\/p>\n<\/blockquote>\n<\/div>\n<\/div>\n\n\n\n<div class=\"wp-block-columns is-layout-flex wp-container-core-columns-is-layout-28f84493 wp-block-columns-is-layout-flex\">\n<div class=\"wp-block-column is-layout-flow wp-block-column-is-layout-flow\">\n<blockquote class=\"wp-block-quote is-layout-flow wp-block-quote-is-layout-flow\">\n<p id=\"block-b68850c1-e577-4679-8959-b2b3fc5b1f50\">Mi chiamo TUYISENGE Solange, ho 20 anni e sono sieropositiva<br>Ho sempre vissuto con la mia mamma materna e non ho mai conosciuto la mia mamma perch\u00e8 \u00e8 morta quando ero sempre piccola, mio padre l\u2019ho visto soltanto una volta poi \u00e8 scomparso, non ne voleva sapere di me !<br>Solo all\u2019et\u00e0 di 11 ho compreso di essere malata di aids, \u00e8 stata una vicina di casa di mia nonna che mi ha accompagnato al dispensario pubblico pi\u00f9 vicino per sottopormi al test. Quando mi hanno dato il responso, dicendomi che ero sieropositiva, la cosa non mi ha toccata pi\u00f9 di tanto perch\u00e8 non ero consapevole degli effetti di questa malattia.<br>Ho continuato ad abitare con la mia nonna che era molto vecchia e soffriva di attacchi acuti di asma.<br>A distanza di 8 mesi anche lei \u00e8 morta, sono rimasta sola a casa.<br>Morivo di fame, ero sempre debole e stanca, di tanto in tanto i vicini mi portavano da mangiare o chiedevano ai loro figli di tenermi compagnia durante la notte. Molti altri del villaggio, per\u00f2, mi schivavano come se fossi infetta,&nbsp; avevano paura.<br>Dopo un anno, all\u2019et\u00e0 di 12 anni, ho incrociato nel villaggio un animatrice della Casa della Misericordia, Helene, s\u00ec era questo il suo nome la quale mi \u00e8 venuta a trovare. Mi ha chiesto come stavo, e gli ho cominciato a raccontare la mia vita.<br>Allora lei mi ha chiesto di prendere le poche cose che avevo in casa e di seguirla per andare a vivere con lei ed altri bambini nella Casa della Misericordia a Nyarurema.&nbsp; L\u2019accoglienza al centro \u00e8 stata ottima, mi hanno subito accompagnato per una visita di controllo al centro di salute e mi hanno inserito all\u2019interno del programma ARVs. Avevo anche un grosso problema agli occhi che mi facevano molto male e mi impedivano di leggere.<br>Gli operatori della Casa della Misericordia mi hanno curato e mi hanno iscritto alla scuola primaria all\u2019et\u00e0 di 13 anni. Ero assai imbarazzata di studiare con bambini cos\u00ec piccoli ed ho perseverato fino al 4\u00b0anno dopo di che ho manifestato l\u2019intenzione di lasciare la Casa, loro mi hanno supplicato di restare ma ero decisa a ritornare a vivere da sola nella vecchia casa materna e cos\u00ec ho fatto. Ho continuato ad andare a scuola, ma all\u2019et\u00e0 di 17 anni ho abbandonato per andare a vendere bibite (droghe) e ballare su un camion che faceva pubblicit\u00e0 dei telefoni, in questo modo guadagnavo i soldi sufficienti per&nbsp; fare quello che volevo, ero libera ! Questa situazione \u00e8 durata un anno.<br>Quando gli educatori della Casa della Misericordia sono venuti a conoscenza di come vivevo, mi sono venuti a cercare e mi hanno chiesto di tornare al centro, ero talmente confusa e stanca che mi sono affidata a loro accettando anche di ritornare a studiare.<br>Attualmente sto molto meglio, seguo i trattamenti sanitari e ho cominciato a frequentare un corso di cucito e sartoria per imparare un mestiere e guadagnare la mia autonomia.<br>Il mio sogno nel cassetto ? Quello di poter un giorno diventare mamma !<br>Merci beaucoup !<\/p>\n\n\n\n<p id=\"block-b68850c1-e577-4679-8959-b2b3fc5b1f50\">SOLANGE<\/p>\n<\/blockquote>\n<\/div>\n\n\n\n<div class=\"wp-block-column is-layout-flow wp-block-column-is-layout-flow\">\n<figure class=\"wp-block-image size-large\"><a href=\"https:\/\/www.diocesilucca.it\/missioni\/wp-content\/uploads\/sites\/7\/2019\/05\/Testimonianza-2.jpg\"><img loading=\"lazy\" decoding=\"async\" width=\"724\" height=\"1024\" src=\"https:\/\/www.diocesilucca.it\/missioni\/wp-content\/uploads\/sites\/7\/2019\/05\/Testimonianza-2-724x1024.jpg\" alt=\"\" class=\"wp-image-447\" srcset=\"https:\/\/www.diocesilucca.it\/missioni\/wp-content\/uploads\/sites\/7\/2019\/05\/Testimonianza-2-724x1024.jpg 724w, https:\/\/www.diocesilucca.it\/missioni\/wp-content\/uploads\/sites\/7\/2019\/05\/Testimonianza-2-212x300.jpg 212w, https:\/\/www.diocesilucca.it\/missioni\/wp-content\/uploads\/sites\/7\/2019\/05\/Testimonianza-2-768x1086.jpg 768w, https:\/\/www.diocesilucca.it\/missioni\/wp-content\/uploads\/sites\/7\/2019\/05\/Testimonianza-2-1320x1867.jpg 1320w, https:\/\/www.diocesilucca.it\/missioni\/wp-content\/uploads\/sites\/7\/2019\/05\/Testimonianza-2.jpg 1654w\" sizes=\"auto, (max-width: 724px) 100vw, 724px\" \/><\/a><\/figure>\n<\/div>\n<\/div>\n","protected":false},"excerpt":{"rendered":"<p>Country profile Rwanda Nome ufficiale Repubblica del Ruanda Forma di governo Presidenziale Capo di Stato Paul Kagame Superficie 26.338 km\u00b2 Capitale Kigali Citt\u00e0 principali Butare, Kigali Lingua ufficiale inglese, francese, Kinyarwanda, Kiswahili Lingua comune Kinyarwanda Valuta Franco ruandese (1 EUR<\/p>\n","protected":false},"author":15,"featured_media":0,"parent":0,"menu_order":0,"comment_status":"closed","ping_status":"closed","template":"","meta":{"footnotes":""},"class_list":["post-780","page","type-page","status-publish","hentry"],"_links":{"self":[{"href":"https:\/\/www.diocesilucca.it\/missioni\/wp-json\/wp\/v2\/pages\/780","targetHints":{"allow":["GET"]}}],"collection":[{"href":"https:\/\/www.diocesilucca.it\/missioni\/wp-json\/wp\/v2\/pages"}],"about":[{"href":"https:\/\/www.diocesilucca.it\/missioni\/wp-json\/wp\/v2\/types\/page"}],"author":[{"embeddable":true,"href":"https:\/\/www.diocesilucca.it\/missioni\/wp-json\/wp\/v2\/users\/15"}],"replies":[{"embeddable":true,"href":"https:\/\/www.diocesilucca.it\/missioni\/wp-json\/wp\/v2\/comments?post=780"}],"version-history":[{"count":21,"href":"https:\/\/www.diocesilucca.it\/missioni\/wp-json\/wp\/v2\/pages\/780\/revisions"}],"predecessor-version":[{"id":2088,"href":"https:\/\/www.diocesilucca.it\/missioni\/wp-json\/wp\/v2\/pages\/780\/revisions\/2088"}],"wp:attachment":[{"href":"https:\/\/www.diocesilucca.it\/missioni\/wp-json\/wp\/v2\/media?parent=780"}],"curies":[{"name":"wp","href":"https:\/\/api.w.org\/{rel}","templated":true}]}}