{"id":778,"date":"2021-09-27T16:25:05","date_gmt":"2021-09-27T14:25:05","guid":{"rendered":"https:\/\/www.diocesilucca.it\/missioni\/?page_id=778"},"modified":"2026-03-06T12:06:04","modified_gmt":"2026-03-06T11:06:04","slug":"burkina-faso-2","status":"publish","type":"page","link":"https:\/\/www.diocesilucca.it\/missioni\/burkina-faso-2\/","title":{"rendered":"Burkina Faso"},"content":{"rendered":"\n<div class=\"wp-block-cover alignfull is-light\" style=\"min-height:407px;aspect-ratio:unset;\"><img loading=\"lazy\" decoding=\"async\" width=\"2560\" height=\"1707\" class=\"wp-block-cover__image-background wp-image-802\" alt=\"\" src=\"https:\/\/www.diocesilucca.it\/missioni\/wp-content\/uploads\/sites\/7\/2021\/09\/6N7A5578-scaled.jpg\" style=\"object-position:31% 59%\" data-object-fit=\"cover\" data-object-position=\"31% 59%\" srcset=\"https:\/\/www.diocesilucca.it\/missioni\/wp-content\/uploads\/sites\/7\/2021\/09\/6N7A5578-scaled.jpg 2560w, https:\/\/www.diocesilucca.it\/missioni\/wp-content\/uploads\/sites\/7\/2021\/09\/6N7A5578-300x200.jpg 300w, https:\/\/www.diocesilucca.it\/missioni\/wp-content\/uploads\/sites\/7\/2021\/09\/6N7A5578-1024x683.jpg 1024w, https:\/\/www.diocesilucca.it\/missioni\/wp-content\/uploads\/sites\/7\/2021\/09\/6N7A5578-768x512.jpg 768w, https:\/\/www.diocesilucca.it\/missioni\/wp-content\/uploads\/sites\/7\/2021\/09\/6N7A5578-1536x1024.jpg 1536w, https:\/\/www.diocesilucca.it\/missioni\/wp-content\/uploads\/sites\/7\/2021\/09\/6N7A5578-2048x1365.jpg 2048w\" sizes=\"auto, (max-width: 2560px) 100vw, 2560px\" \/><span aria-hidden=\"true\" class=\"wp-block-cover__background has-background-dim\"><\/span><div class=\"wp-block-cover__inner-container is-layout-flow wp-block-cover-is-layout-flow\">\n<p class=\"has-text-align-center has-white-color has-text-color has-link-color has-large-font-size wp-elements-4c06cf6ef994cecbbf9aa110f4cb8a0d\">BURKINA FASO<\/p>\n<\/div><\/div>\n\n\n\n<div style=\"height:100px\" aria-hidden=\"true\" class=\"wp-block-spacer\"><\/div>\n\n\n\n<div class=\"wp-block-group has-white-color has-white-background-color has-text-color has-background is-layout-flow wp-block-group-is-layout-flow\">\n<div class=\"wp-block-columns alignwide are-vertically-aligned-center is-layout-flex wp-container-core-columns-is-layout-28f84493 wp-block-columns-is-layout-flex\">\n<div class=\"wp-block-column is-layout-flow wp-block-column-is-layout-flow\" style=\"flex-basis:50%\">\n<p class=\"has-text-color\" style=\"color:#000000;font-size:30px;line-height:1.1\"><strong><em>Country profile<\/em><\/strong><\/p>\n\n\n\n<p class=\"has-cyan-bluish-gray-color has-text-color\">Burkina Faso<\/p>\n<\/div>\n\n\n\n<div class=\"wp-block-column has-luminous-vivid-orange-color has-text-color is-layout-flow wp-block-column-is-layout-flow\" style=\"flex-basis:50%\">\n<hr class=\"wp-block-separator has-text-color has-luminous-vivid-orange-color has-css-opacity has-luminous-vivid-orange-background-color has-background is-style-wide\" \/>\n<\/div>\n<\/div>\n\n\n\n<figure class=\"wp-block-table\"><table class=\"has-black-color has-text-color\"><tbody><tr><td>Nome ufficiale<\/td><td>Burkina Faso (ex Alto Volta)<\/td><\/tr><tr><td>Forma di governo<\/td><td><strong><strong>Repubblica<\/strong><\/strong><\/td><\/tr><tr><td>Capo di Stato, ministro della difesa nazionale e dei veterani<\/td><td> <strong>Roch Marc Christian Kabor\u00e9<\/strong> <\/td><\/tr><tr><td> Primo ministro: <\/td><td><strong>Christophe Joseph Marie Dabir\u00e9<\/strong><\/td><\/tr><\/tbody><\/table><\/figure>\n\n\n\n<div class=\"wp-block-columns is-layout-flex wp-container-core-columns-is-layout-28f84493 wp-block-columns-is-layout-flex\">\n<div class=\"wp-block-column is-layout-flow wp-block-column-is-layout-flow\">\n<figure class=\"wp-block-table is-style-regular\"><table class=\"has-black-color has-text-color\"><tbody><tr><td> Superficie <\/td><td> <strong>8.511.965 km\u00b2 <\/strong>(quindici volte la dimensione della Francia), il 5\u00b0 posto nel mondo <\/td><\/tr><tr><td> Capitale<\/td><td> <strong><strong>Ouagadougou<\/strong><\/strong><\/td><\/tr><tr><td>Citt\u00e0 principali<\/td><td> <strong>Ouagadougou, Bobo-Dioulasso, Koudougou<\/strong>  <\/td><\/tr><tr><td>Lingua ufficiale <\/td><td><strong>Francese <\/strong><\/td><\/tr><tr><td> Valuta <\/td><td> <strong><strong>Franco CFA, 1 EUR = 656 XOF<\/strong><\/strong><\/td><\/tr><tr><td> Giorni festivi <\/td><td> <strong>11 dicembre <\/strong>(proclamazione della Repubblica) <\/td><\/tr><\/tbody><\/table><\/figure>\n<\/div>\n\n\n\n<div class=\"wp-block-column is-layout-flow wp-block-column-is-layout-flow\">\n<figure class=\"wp-block-table\"><table class=\"has-black-color has-text-color\"><tbody><tr><td> Popolazione<\/td><td><strong>20,32 milioni<\/strong> (Banca Mondiale, 2019)<\/td><\/tr><tr><td>Densit\u00e0<\/td><td><strong><strong>72,2 abitanti per chilometro quadrato<\/strong> <\/strong>(Banca Mondiale, 2018)<\/td><\/tr><tr><td>Tasso di urbanizzazione<\/td><td><strong><strong>4,9%<\/strong><\/strong> (Banca Mondiale, 2019)<\/td><\/tr><tr><td>Tasso di crescita della popolazione<\/td><td><strong><strong>2,8% <\/strong><\/strong>(Banca Mondiale, 2019)<\/td><\/tr><tr><td>Aspettativa di vita<\/td><td><strong><strong>61,2 anni<\/strong><\/strong> (Banca Mondiale, 2018)  <\/td><\/tr><tr><td>Tasso di completamento della scuola primaria:<strong> <\/strong> <\/td><td><strong>64,5% <\/strong>(Banca Mondiale, 2019)<\/td><\/tr><tr><td> Religione(i):  <\/td><td><strong>Islam <\/strong>(1a religione del paese), Cristianesimo, Animismo<\/td><\/tr><tr><td>Indice di sviluppo umano<\/td><td><strong><strong>182 su 189<\/strong> (UNDP, 2019)<\/strong><\/td><\/tr><\/tbody><\/table><\/figure>\n<\/div>\n<\/div>\n\n\n\n<div class=\"wp-block-columns is-layout-flex wp-container-core-columns-is-layout-28f84493 wp-block-columns-is-layout-flex\">\n<div class=\"wp-block-column has-black-color has-text-color is-layout-flow wp-block-column-is-layout-flow\">\n<p>Il Burkina Faso \u00e8 membro di diverse organizzazioni regionali e internazionali, come la Comunit\u00e0 economica degli Stati dell&#8217;Africa occidentale (ECOWAS), l&#8217;Unione economica e monetaria dell&#8217;Africa occidentale (UEMOA), che ha sede a Ouagadougou.<br><\/p>\n<\/div>\n\n\n\n<div class=\"wp-block-column is-layout-flow wp-block-column-is-layout-flow\">\n<p class=\"has-black-color has-text-color\">Altamente esposto agli effetti dell&#8217;instabilit\u00e0 saheliana, il paese ha sperimentato ripetuti attacchi terroristici dal 2016, concentrati soprattutto nella parte nord del paese, che lo hanno portato ad essere una delle forze trainanti della forza congiunta lanciata nel 2017 dagli stati del G5 Sahel (Burkina Faso, Mali, Mauritania, Niger e Ciad).<\/p>\n<\/div>\n<\/div>\n\n\n\n<div class=\"wp-block-group alignfull has-white-background-color has-background is-layout-flow wp-block-group-is-layout-flow\">\n<div class=\"wp-block-columns alignwide are-vertically-aligned-center is-layout-flex wp-container-core-columns-is-layout-28f84493 wp-block-columns-is-layout-flex\">\n<div class=\"wp-block-column is-layout-flow wp-block-column-is-layout-flow\" style=\"flex-basis:50%\">\n<p class=\"has-luminous-vivid-orange-color has-text-color\" style=\"font-size:30px;line-height:1.1\"><strong>Situazione economica<\/strong><\/p>\n<\/div>\n\n\n\n<div class=\"wp-block-column is-layout-flow wp-block-column-is-layout-flow\" style=\"flex-basis:50%\">\n<hr class=\"wp-block-separator has-text-color has-luminous-vivid-orange-color has-css-opacity has-luminous-vivid-orange-background-color has-background is-style-wide\" \/>\n<\/div>\n<\/div>\n\n\n\n<div class=\"wp-block-columns alignwide is-layout-flex wp-container-core-columns-is-layout-28f84493 wp-block-columns-is-layout-flex\">\n<div class=\"wp-block-column is-layout-flow wp-block-column-is-layout-flow\"><\/div>\n\n\n\n<div class=\"wp-block-column is-layout-flow wp-block-column-is-layout-flow\">\n<p class=\"has-text-color has-extra-small-font-size\" style=\"color:#000000\">Essendo un paese senza sbocco sul mare, il Burkina Faso dipende dai suoi vicini per gli sbocchi logistici, in particolare attraverso i porti di Abidjan (in Costa d&#8217;Avorio) e T\u00e9ma (in Ghana). La sua economia altamente agricola (30% del PIL, 80% dei posti di lavoro) dipende dalle precipitazioni. L&#8217;adattamento al cambiamento climatico \u00e8 una vera sfida in cui il paese \u00e8 un pioniere in Africa, cos\u00ec come le energie rinnovabili.<\/p>\n<\/div>\n\n\n\n<div class=\"wp-block-column is-layout-flow wp-block-column-is-layout-flow\">\n<p class=\"has-black-color has-text-color\">L&#8217;oro, insieme al cotone, genera quasi il 95% dei guadagni delle esportazioni del paese. Viene esportato principalmente in Svizzera e in India. Il Burkina Faso rimane uno dei principali produttori di cotone in Africa (4\u00b0 posto nel 2018-2019).<br>Il Burkina Faso \u00e8 impegnato in uno sforzo di sviluppo sostenuto dai suoi partner, in particolare nel quadro del Piano nazionale di sviluppo economico e sociale (PNDES, attivo dal 2016), che sar\u00e0 rinnovato per il periodo 2021-2025.<\/p>\n\n\n\n<p><\/p>\n<\/div>\n<\/div>\n\n\n\n<p><\/p>\n<\/div>\n\n\n\n<hr class=\"wp-block-separator has-css-opacity is-style-wide\" \/>\n\n\n\n<figure class=\"wp-block-image size-large\"><a href=\"https:\/\/www.diocesilucca.it\/missioni\/wp-content\/uploads\/sites\/7\/2021\/10\/B33I1525_edited-scaled.jpg\"><img loading=\"lazy\" decoding=\"async\" width=\"1024\" height=\"683\" src=\"https:\/\/www.diocesilucca.it\/missioni\/wp-content\/uploads\/sites\/7\/2021\/10\/B33I1525_edited-1024x683.jpg\" alt=\"\" class=\"wp-image-1003\" srcset=\"https:\/\/www.diocesilucca.it\/missioni\/wp-content\/uploads\/sites\/7\/2021\/10\/B33I1525_edited-1024x683.jpg 1024w, https:\/\/www.diocesilucca.it\/missioni\/wp-content\/uploads\/sites\/7\/2021\/10\/B33I1525_edited-300x200.jpg 300w, https:\/\/www.diocesilucca.it\/missioni\/wp-content\/uploads\/sites\/7\/2021\/10\/B33I1525_edited-768x512.jpg 768w, https:\/\/www.diocesilucca.it\/missioni\/wp-content\/uploads\/sites\/7\/2021\/10\/B33I1525_edited-1536x1025.jpg 1536w, https:\/\/www.diocesilucca.it\/missioni\/wp-content\/uploads\/sites\/7\/2021\/10\/B33I1525_edited-2048x1366.jpg 2048w\" sizes=\"auto, (max-width: 1024px) 100vw, 1024px\" \/><\/a><\/figure>\n\n\n\n<h2 class=\"wp-block-heading has-text-align-center has-luminous-vivid-orange-color has-text-color\"><strong>Progetti attivi<\/strong><\/h2>\n\n\n\n<div style=\"height:34px\" aria-hidden=\"true\" class=\"wp-block-spacer\"><\/div>\n\n\n\n<div class=\"wp-block-columns is-layout-flex wp-container-core-columns-is-layout-28f84493 wp-block-columns-is-layout-flex\">\n<div class=\"wp-block-column is-layout-flow wp-block-column-is-layout-flow\">\n<h2 class=\"wp-block-heading has-text-align-center\"><strong><em>Acqua sole vento<\/em><\/strong><\/h2>\n\n\n\n<p class=\"has-text-align-left has-black-color has-text-color\">Sfruttamento energia solare per garantire elettricit\u00e0 e acqua per uso commerciale, civile, socio-sanitario<\/p>\n\n\n\n<div class=\"wp-block-buttons is-horizontal is-content-justification-center is-layout-flex wp-container-core-buttons-is-layout-03627597 wp-block-buttons-is-layout-flex\">\n<div class=\"wp-block-button\"><a class=\"wp-block-button__link has-white-color has-luminous-vivid-orange-background-color has-text-color has-background wp-element-button\" href=\"https:\/\/www.diocesilucca.it\/missioni\/acqua-sole-vento\" target=\"_blank\" rel=\"noreferrer noopener\">Per saperne di pi\u00f9<\/a><\/div>\n<\/div>\n<\/div>\n\n\n\n<div class=\"wp-block-column is-layout-flow wp-block-column-is-layout-flow\">\n<h2 class=\"wp-block-heading has-text-align-center\"><strong><em>Poche briciole<\/em><\/strong><\/h2>\n\n\n\n<p class=\"has-black-color has-text-color\">Lotta alla malnutrizione e alla mortalit\u00e0 materno-infantile nel comune di Tougour\u00ec in Burkina Faso<\/p>\n\n\n\n<div class=\"wp-block-buttons is-horizontal is-content-justification-center is-layout-flex wp-container-core-buttons-is-layout-03627597 wp-block-buttons-is-layout-flex\">\n<div class=\"wp-block-button\"><a class=\"wp-block-button__link has-white-color has-luminous-vivid-orange-background-color has-text-color has-background wp-element-button\" href=\"https:\/\/www.diocesilucca.it\/missioni\/poche-briciole-2\/\" target=\"_blank\" rel=\"noreferrer noopener\">Per saperne di pi\u00f9<\/a><\/div>\n<\/div>\n<\/div>\n<\/div>\n\n\n\n<div style=\"height:34px\" aria-hidden=\"true\" class=\"wp-block-spacer\"><\/div>\n\n\n\n<div class=\"wp-block-columns is-layout-flex wp-container-core-columns-is-layout-28f84493 wp-block-columns-is-layout-flex\">\n<div class=\"wp-block-column is-layout-flow wp-block-column-is-layout-flow\">\n<h2 class=\"wp-block-heading has-text-align-center\"><strong><em>Freedom <\/em><\/strong><\/h2>\n\n\n\n<p class=\"has-text-align-left has-black-color has-text-color\">Contro l\u2019emergenza umanitaria in Burkina Faso<\/p>\n\n\n\n<p><\/p>\n\n\n\n<p>Co<\/p>\n\n\n\n<div class=\"wp-block-buttons is-horizontal is-content-justification-center is-layout-flex wp-container-core-buttons-is-layout-03627597 wp-block-buttons-is-layout-flex\">\n<div class=\"wp-block-button\"><a class=\"wp-block-button__link has-white-color has-luminous-vivid-orange-background-color has-text-color has-background wp-element-button\" href=\"https:\/\/www.diocesilucca.it\/missioni\/si-riparte-da-zero\/\">Per saperne di pi\u00f9<\/a><\/div>\n<\/div>\n\n\n\n<p>D<\/p>\n<\/div>\n\n\n\n<div class=\"wp-block-column is-layout-flow wp-block-column-is-layout-flow\"><\/div>\n<\/div>\n\n\n\n<hr class=\"wp-block-separator has-text-color has-luminous-vivid-orange-color has-css-opacity has-luminous-vivid-orange-background-color has-background is-style-wide\" \/>\n\n\n\n<h2 class=\"wp-block-heading has-text-align-center has-luminous-vivid-orange-color has-text-color\"><strong>Progetti terminati<\/strong><\/h2>\n\n\n\n<div style=\"height:38px\" aria-hidden=\"true\" class=\"wp-block-spacer\"><\/div>\n\n\n\n<div class=\"wp-block-columns is-layout-flex wp-container-core-columns-is-layout-28f84493 wp-block-columns-is-layout-flex\">\n<div class=\"wp-block-column is-layout-flow wp-block-column-is-layout-flow\">\n<p class=\"has-cyan-bluish-gray-color has-text-color has-medium-font-size\">2004<\/p>\n\n\n\n<h2 class=\"wp-block-heading\"><strong><strong><em>Penelope<\/em><\/strong><\/strong><\/h2>\n\n\n\n<h2 class=\"wp-block-heading has-medium-font-size\">tessere reti di solidariet\u00e0<\/h2>\n\n\n\n<p class=\"has-black-color has-text-color\"><strong>Luogo<\/strong>: Villaggio di Tougour\u00ec, provincia di Samentenga, regione Centro-nord, Burkina Faso<\/p>\n\n\n\n<p class=\"has-black-color has-text-color\"><strong>Destinatari<\/strong>: donne preferibilmente riunite in piccole cooperative<\/p>\n\n\n\n<p class=\"has-black-color has-text-color\"><strong>Obiettivi specifici<\/strong>:<\/p>\n\n\n\n<ul class=\"wp-block-list has-black-color has-text-color\">\n<li>Attivit\u00e0 di microcredito con avvio di piccole attivit\u00e0 generatrici di reddito;<\/li>\n\n\n\n<li>Rilascio di crediti individuali o a cooperative di donne nei singoli villaggi;<\/li>\n\n\n\n<li>Restituzione dei crediti ricevuti a 3, 6 e 12 mesi.<\/li>\n<\/ul>\n<\/div>\n\n\n\n<div class=\"wp-block-column is-layout-flow wp-block-column-is-layout-flow\">\n<p class=\"has-cyan-bluish-gray-color has-text-color has-medium-font-size\">2009-2018<\/p>\n\n\n\n<h2 class=\"wp-block-heading\"><strong><em>Crescere giocando<\/em><\/strong><\/h2>\n\n\n\n<p class=\"has-black-color has-text-color\"><strong>Luogo:<\/strong> Comune di Tougour\u00ec, diocesi di Kaya, regione Centro-nord, Burkina Faso<\/p>\n\n\n\n<p class=\"has-black-color has-text-color\"><strong>Obiettivo:<\/strong><\/p>\n\n\n\n<p class=\"has-black-color has-text-color\">L\u2019idea di puntare sullo&nbsp;<strong>sport<\/strong>&nbsp;come occasione di&nbsp;<strong>crescita&nbsp;<\/strong>e&nbsp;<strong>momento educativo<\/strong>&nbsp;per i giovani&nbsp;del villaggio di Tougour\u00ec rappresenta un desiderio manifestato apertamente <em>dalla popolazione locale,&nbsp;che ha&nbsp; trovato nel calcio un veicolo di socializzazione.&nbsp;<\/em><strong>Il calcio: una passione ed un impegno che unisce giovani e adulti.  Un occasione per:<\/strong><\/p>\n\n\n\n<ul class=\"wp-block-list has-black-color has-text-color\">\n<li><em>crescere nel corpo<\/em>&nbsp;facendo attivit\u00e0 fisica, imparando regole e comportamenti anche dal punto di vista igienico vo: e sanitario<\/li>\n\n\n\n<li><em>crescere nel carattere<\/em>&nbsp;con dei valori condivisi, educando al rispetto e alle responsabilit\u00e0, al di l\u00e0 delle convinzioni politiche e religiose, creando momenti aggregativi&nbsp; in cui si possano respirare il senso della solidariet\u00e0,della competizione equilibrata e&nbsp; dello spirito di squadra<\/li>\n<\/ul>\n\n\n\n<p class=\"has-black-color has-text-color\"><strong>Risultati:<\/strong><\/p>\n\n\n\n<p class=\"has-black-color has-text-color\"><em>Il progetto \u00e8 terminato nell\u2019anno 2017-2018 con la realizzazione del campo da calcio e il suo equipaggiamento. Costituisce anche oggi uno spazio vitale per la comunit\u00e0 per socializzare, praticare lo sport e competere con la propria squadra all\u2019interno dei diversi tornei\/campionati di livello provinciale e regionale.<\/em><\/p>\n\n\n\n<p class=\"has-black-color has-text-color\"><\/p>\n<\/div>\n<\/div>\n\n\n\n<p><\/p>\n\n\n\n<div class=\"wp-block-columns is-layout-flex wp-container-core-columns-is-layout-28f84493 wp-block-columns-is-layout-flex\">\n<div class=\"wp-block-column is-layout-flow wp-block-column-is-layout-flow\"><\/div>\n\n\n\n<div class=\"wp-block-column is-layout-flow wp-block-column-is-layout-flow\"><\/div>\n\n\n\n<div class=\"wp-block-column is-layout-flow wp-block-column-is-layout-flow\"><\/div>\n<\/div>\n<\/div>\n\n\n\n<p><\/p>\n","protected":false},"excerpt":{"rendered":"<p>Country profile Burkina Faso Nome ufficiale Burkina Faso (ex Alto Volta) Forma di governo Repubblica Capo di Stato, ministro della difesa nazionale e dei veterani Roch Marc Christian Kabor\u00e9 Primo ministro: Christophe Joseph Marie Dabir\u00e9 Superficie 8.511.965 km\u00b2 (quindici volte<\/p>\n","protected":false},"author":15,"featured_media":0,"parent":0,"menu_order":0,"comment_status":"closed","ping_status":"closed","template":"","meta":{"footnotes":""},"class_list":["post-778","page","type-page","status-publish","hentry"],"_links":{"self":[{"href":"https:\/\/www.diocesilucca.it\/missioni\/wp-json\/wp\/v2\/pages\/778","targetHints":{"allow":["GET"]}}],"collection":[{"href":"https:\/\/www.diocesilucca.it\/missioni\/wp-json\/wp\/v2\/pages"}],"about":[{"href":"https:\/\/www.diocesilucca.it\/missioni\/wp-json\/wp\/v2\/types\/page"}],"author":[{"embeddable":true,"href":"https:\/\/www.diocesilucca.it\/missioni\/wp-json\/wp\/v2\/users\/15"}],"replies":[{"embeddable":true,"href":"https:\/\/www.diocesilucca.it\/missioni\/wp-json\/wp\/v2\/comments?post=778"}],"version-history":[{"count":25,"href":"https:\/\/www.diocesilucca.it\/missioni\/wp-json\/wp\/v2\/pages\/778\/revisions"}],"predecessor-version":[{"id":1982,"href":"https:\/\/www.diocesilucca.it\/missioni\/wp-json\/wp\/v2\/pages\/778\/revisions\/1982"}],"wp:attachment":[{"href":"https:\/\/www.diocesilucca.it\/missioni\/wp-json\/wp\/v2\/media?parent=778"}],"curies":[{"name":"wp","href":"https:\/\/api.w.org\/{rel}","templated":true}]}}