{"id":712,"date":"2019-10-22T12:54:53","date_gmt":"2019-10-22T10:54:53","guid":{"rendered":"https:\/\/www.diocesilucca.it\/missioni\/?page_id=712"},"modified":"2019-11-28T13:46:54","modified_gmt":"2019-11-28T12:46:54","slug":"diocesi-di-rio-branco","status":"publish","type":"page","link":"https:\/\/www.diocesilucca.it\/missioni\/diocesi-di-rio-branco\/","title":{"rendered":"Diocesi di Rio Branco"},"content":{"rendered":"<h2 style=\"text-align: center\">Diocesi di Rio Branco<\/h2>\n<h4>Vescovo Sua Eccellenza Mons. Joaquin Pertinez Fernandez<\/h4>\n<ul>\n<li><a href=\"https:\/\/www.diocesilucca.it\/missioni\/massimo-lombardi\/\"><strong>Massimo Lombardi<\/strong><\/a><\/li>\n<\/ul>\n<h4>Progetti 2018-2019<\/h4>\n<p><a href=\"https:\/\/www.diocesilucca.it\/missioni\/progetto-citta-do-povo-massimo-lombardi-brasile\/\"><strong>Citt\u00e0 do Povo<\/strong><\/a><\/p>\n<ul>\n<li><a href=\"https:\/\/www.diocesilucca.it\/missioni\/luigi-pieretti\/\"><strong>Luigi Pieretti<\/strong><\/a><\/li>\n<\/ul>\n<h2>Vescovi Rio Branco<\/h2>\n<ul>\n<li><a href=\"https:\/\/www.diocesilucca.it\/missioni\/dom-moacyr-grechi\/\">Moacyr Grechi,<\/a> O.S.M.\u00a0 -10 luglio\u00a0<a title=\"1972\" href=\"https:\/\/it.wikipedia.org\/wiki\/1972\">1972<\/a>\u00a0&#8211; 29 luglio\u00a0<a title=\"1998\" href=\"https:\/\/it.wikipedia.org\/wiki\/1998\">1998<\/a><\/li>\n<\/ul>\n<p><a href=\"https:\/\/www.diocesilucca.it\/missioni\/wp-content\/uploads\/sites\/7\/2019\/06\/Dom-Moacyr-Grechi.jpg\"><img loading=\"lazy\" decoding=\"async\" class=\"alignnone size-full wp-image-649\" src=\"https:\/\/www.diocesilucca.it\/missioni\/wp-content\/uploads\/sites\/7\/2019\/06\/Dom-Moacyr-Grechi.jpg\" alt=\"\" width=\"248\" height=\"189\" \/><\/a><\/p>\n<ul>\n<li>Joaqu\u00edn Pert\u00ed\u00f1ez Fern\u00e1ndez,\u00a0<a title=\"Ordine degli agostiniani recolletti\" href=\"https:\/\/it.wikipedia.org\/wiki\/Ordine_degli_agostiniani_recolletti\">O.A.R.<\/a>, dal 24 febbraio\u00a0<a title=\"1999\" href=\"https:\/\/it.wikipedia.org\/wiki\/1999\">1999<\/a><\/li>\n<\/ul>\n<p><a href=\"https:\/\/www.diocesilucca.it\/missioni\/wp-content\/uploads\/sites\/7\/2019\/06\/Dom-Joaquim-Pertinez-Fernandez.jpg\"><img loading=\"lazy\" decoding=\"async\" class=\"alignnone size-full wp-image-643\" src=\"https:\/\/www.diocesilucca.it\/missioni\/wp-content\/uploads\/sites\/7\/2019\/06\/Dom-Joaquim-Pertinez-Fernandez.jpg\" alt=\"\" width=\"200\" height=\"176\" \/><\/a><\/p>\n","protected":false},"excerpt":{"rendered":"<p>Diocesi di Rio Branco Vescovo Sua Eccellenza Mons. Joaquin Pertinez Fernandez Massimo Lombardi Progetti 2018-2019 Citt\u00e0 do Povo Luigi Pieretti Vescovi Rio Branco Moacyr Grechi, O.S.M.\u00a0 -10 luglio\u00a01972\u00a0&#8211; 29 luglio\u00a01998 Joaqu\u00edn Pert\u00ed\u00f1ez Fern\u00e1ndez,\u00a0O.A.R., dal 24 febbraio\u00a01999<\/p>\n","protected":false},"author":11,"featured_media":0,"parent":0,"menu_order":0,"comment_status":"closed","ping_status":"closed","template":"","meta":{"footnotes":""},"class_list":["post-712","page","type-page","status-publish","hentry"],"_links":{"self":[{"href":"https:\/\/www.diocesilucca.it\/missioni\/wp-json\/wp\/v2\/pages\/712","targetHints":{"allow":["GET"]}}],"collection":[{"href":"https:\/\/www.diocesilucca.it\/missioni\/wp-json\/wp\/v2\/pages"}],"about":[{"href":"https:\/\/www.diocesilucca.it\/missioni\/wp-json\/wp\/v2\/types\/page"}],"author":[{"embeddable":true,"href":"https:\/\/www.diocesilucca.it\/missioni\/wp-json\/wp\/v2\/users\/11"}],"replies":[{"embeddable":true,"href":"https:\/\/www.diocesilucca.it\/missioni\/wp-json\/wp\/v2\/comments?post=712"}],"version-history":[{"count":2,"href":"https:\/\/www.diocesilucca.it\/missioni\/wp-json\/wp\/v2\/pages\/712\/revisions"}],"predecessor-version":[{"id":752,"href":"https:\/\/www.diocesilucca.it\/missioni\/wp-json\/wp\/v2\/pages\/712\/revisions\/752"}],"wp:attachment":[{"href":"https:\/\/www.diocesilucca.it\/missioni\/wp-json\/wp\/v2\/media?parent=712"}],"curies":[{"name":"wp","href":"https:\/\/api.w.org\/{rel}","templated":true}]}}