{"id":368,"date":"2019-05-03T14:14:50","date_gmt":"2019-05-03T12:14:50","guid":{"rendered":"https:\/\/www.diocesilucca.it\/missioni\/?page_id=368"},"modified":"2021-11-14T15:48:47","modified_gmt":"2021-11-14T14:48:47","slug":"i-figli-del-villaggio","status":"publish","type":"page","link":"https:\/\/www.diocesilucca.it\/missioni\/i-figli-del-villaggio\/","title":{"rendered":"I Figli del Villaggio"},"content":{"rendered":"\n<div class=\"wp-block-cover alignfull has-background-dim\"><img loading=\"lazy\" decoding=\"async\" width=\"1040\" height=\"520\" class=\"wp-block-cover__image-background wp-image-1330\" alt=\"\" src=\"https:\/\/www.diocesilucca.it\/missioni\/wp-content\/uploads\/sites\/7\/2021\/11\/IMG-20200312-WA0038.jpg\" data-object-fit=\"cover\" srcset=\"https:\/\/www.diocesilucca.it\/missioni\/wp-content\/uploads\/sites\/7\/2021\/11\/IMG-20200312-WA0038.jpg 1040w, https:\/\/www.diocesilucca.it\/missioni\/wp-content\/uploads\/sites\/7\/2021\/11\/IMG-20200312-WA0038-300x150.jpg 300w, https:\/\/www.diocesilucca.it\/missioni\/wp-content\/uploads\/sites\/7\/2021\/11\/IMG-20200312-WA0038-1024x512.jpg 1024w, https:\/\/www.diocesilucca.it\/missioni\/wp-content\/uploads\/sites\/7\/2021\/11\/IMG-20200312-WA0038-768x384.jpg 768w\" sizes=\"auto, (max-width: 1040px) 100vw, 1040px\" \/><div class=\"wp-block-cover__inner-container is-layout-flow wp-block-cover-is-layout-flow\">\n<p class=\"has-text-align-center has-large-font-size\"><strong><em>I figli del villaggio<\/em><\/strong><\/p>\n\n\n\n<p class=\"has-text-align-center has-luminous-vivid-amber-color has-text-color\"><strong>Sostegno ai bambini\/adolescenti orfani di genitori malati di AIDS.<\/strong><\/p>\n<\/div><\/div>\n\n\n\n<div style=\"height:67px\" aria-hidden=\"true\" class=\"wp-block-spacer\"><\/div>\n\n\n\n<div class=\"wp-block-columns is-layout-flex wp-container-core-columns-is-layout-28f84493 wp-block-columns-is-layout-flex\">\n<div class=\"wp-block-column is-layout-flow wp-block-column-is-layout-flow\">\n<p> Promosso dal <strong>Centro missionario della Diocesi di Lucca<\/strong> in collaborazione con <strong>l<a rel=\"noreferrer noopener\" href=\"http:\/\/amaninyayo.it\" target=\"_blank\">\u2019Ass.ne Amani Nyayo Onlus<\/a><\/strong>  <\/p>\n<\/div>\n\n\n\n<div class=\"wp-block-column is-layout-flow wp-block-column-is-layout-flow\">\n<p>Sostegno alla <em>Casa della Misericordia<\/em> che ospita bambini\/adolescenti orfani di entrambi i genitori&nbsp; e malati di AIDS. L\u2019intervento si sviluppa nel villaggio di Nyarurema, regione dell\u2019Umutara, e vuole offrire un supporto psicologico, sanitario e educativo al fine di migliorare la percezione di s\u00e9 e garantire una migliore integrazione nel tessuto sociale locale.<\/p>\n\n\n\n<p>Ragazzi ospiti progetto <em>I Figli del villaggio<\/em> \u2013 Casa della Misericordia di Nyaryrema<\/p>\n<\/div>\n\n\n\n<div class=\"wp-block-column is-layout-flow wp-block-column-is-layout-flow\">\n<p>Il progetto <strong><em>I figli del Villaggio<\/em><\/strong>  accompagna i minori orfani di aids e\/o sieropositivi garantendo assistenza psicologica e terapeutica nel villaggio di Nyarurema in Ruanda. I protagonisti di queste storie sono ragazzi dai 5 ai 25 anni malati di aids che ogni giorno lottano aggrappandosi a quell\u2019unica speranza che gli \u00e8 donata sinonimo di dignit\u00e0 e di vita.<\/p>\n<\/div>\n<\/div>\n\n\n\n<div style=\"height:67px\" aria-hidden=\"true\" class=\"wp-block-spacer\"><\/div>\n\n\n\n<div class=\"wp-block-columns is-layout-flex wp-container-core-columns-is-layout-28f84493 wp-block-columns-is-layout-flex\">\n<div class=\"wp-block-column is-layout-flow wp-block-column-is-layout-flow\" style=\"flex-basis:100%\">\n<h2 class=\"has-text-align-center has-luminous-vivid-orange-color has-text-color wp-block-heading\"><strong>Scheda progetto<\/strong><\/h2>\n\n\n\n<div style=\"height:21px\" aria-hidden=\"true\" class=\"wp-block-spacer\"><\/div>\n\n\n\n<div class=\"wp-block-columns is-layout-flex wp-container-core-columns-is-layout-28f84493 wp-block-columns-is-layout-flex\">\n<div class=\"wp-block-column is-layout-flow wp-block-column-is-layout-flow\">\n<p><strong><u>Luogo di intervento<\/u><\/strong> Ruanda, Regione dell\u2019Umutara, Diocesi di Byumba, villaggio di Nyarurema<\/p>\n\n\n\n<p><strong><u>Obiettivo generale<\/u><\/strong><\/p>\n\n\n\n<p>Mantenimento della Casa di accoglienza per minori orfani di aids e\/o sieropositivi e supporto al personale socio sanitario nell\u2019attivit\u00e0 di assistenza psicologica e terapeutica rivolta agli ospiti della struttura<strong>.<\/strong><\/p>\n<\/div>\n\n\n\n<div class=\"wp-block-column is-layout-flow wp-block-column-is-layout-flow\">\n<p><strong>&nbsp;<\/strong><strong><u>Storia del progetto<\/u><\/strong><\/p>\n\n\n\n<p>Il progetto prende vita nell\u2019<strong>anno 2002 <\/strong>all\u2019interno della <em>Casa della misericordia<\/em> nel villaggio di Nyarurema &#8211; Provincia nord del Rwanda \u2013 per combattere il fenomeno dell\u2019aids ma soprattutto per venire incontro alla crescente esigenza di garantire un accompagnamento psicologico ai tanti minori orfani di aids e\/o sieropositivi costretti a vivere in maniera incompleta la relazione con l\u2019altro e la propria sessualit\u00e0&nbsp; per una colpa o un errore da loro non commesso.<\/p>\n\n\n\n<p>La trasmissione materno-infantile del virus HIV \u00e8 stata spesso all\u2019origine di casi di AIDS su minori che si sono visti privati dei loro affetti pi\u00f9 cari e della loro libert\u00e0. Si pensi che con la terapia antiretrovirale l\u2019infezione pu\u00f2 essere ridotta a meno del 2%.<\/p>\n<\/div>\n\n\n\n<div class=\"wp-block-column is-layout-flow wp-block-column-is-layout-flow\">\n<p>Allo stesso tempo, era emerso in maniera chiara e prepotente il problema dell\u2019inadeguatezza per i bambini di essere ospitati nella medesima struttura a fianco delle persone adulte affette da AIDS. Tale vicinanza ingenerava nei pi\u00f9 piccoli dei forti traumi di natura psicologica che si ripercuotevano sul loro equilibrio psico fisico.<\/p>\n\n\n\n<p>Pertanto, si \u00e8 deciso di suddividere la struttura in 2 aree delimitando gli spazi in modo da ricreare un ambiente familare e accogliente. Da una parte gli adulti e poco sopra i bambini che pur vivendo insieme mantengono ampia autonomia e godono di spazi distinti dietro la supervisione di animatori esperti.<\/p>\n<\/div>\n<\/div>\n<\/div>\n<\/div>\n\n\n\n<p class=\"has-text-align-center has-luminous-vivid-amber-color has-text-color has-medium-font-size\"><strong>Personale interno alla struttura<\/strong><\/p>\n\n\n\n<p class=\"has-text-align-center\">Le attivit\u00e0 sono assicurate da un gruppo di educatori che si occupa giornalmente di coordinarle ed attuarle. <br>L&#8217;equipe \u00e8 composta da 6 persone:<\/p>\n\n\n\n<div class=\"wp-block-columns is-layout-flex wp-container-core-columns-is-layout-28f84493 wp-block-columns-is-layout-flex\">\n<div class=\"wp-block-column is-layout-flow wp-block-column-is-layout-flow\" style=\"flex-basis:25%\"><\/div>\n\n\n\n<div class=\"wp-block-column is-layout-flow wp-block-column-is-layout-flow\" style=\"flex-basis:50%\">\n<ul class=\"wp-block-list\"><li>&#8211; assistente sociale\/counselor che ne \u00e8 la coordinatrice,<\/li><li>&#8211; una suora addetta all&#8217;amministrazione,<\/li><li>&#8211; tre assistenti sociali<\/li><li>&#8211; un operatore incaricato di seguire le attivit\u00e0 agricole e pastorali.<\/li><\/ul>\n\n\n\n<p>Questo gruppo lavora sotto lo sguardo vigile di un <strong>comitato <\/strong>formato da volontari e composto da un presidente, un vicepresidente, un segretario e da alcuni consiglieri, e che viene periodicamente eletto dai 5 comitati presenti nelle <strong>5 centrali<\/strong> della parrocchia.<\/p>\n<\/div>\n\n\n\n<div class=\"wp-block-column is-layout-flow wp-block-column-is-layout-flow\" style=\"flex-basis:25%\"><\/div>\n<\/div>\n\n\n\n<div class=\"wp-block-columns is-layout-flex wp-container-core-columns-is-layout-28f84493 wp-block-columns-is-layout-flex\">\n<div class=\"wp-block-column is-layout-flow wp-block-column-is-layout-flow\">\n<p><strong>Rete sul Territorio<\/strong><\/p>\n\n\n\n<p>Grazie alla mediazione fornita dai comitati, alle visite di sensibilizzazione nelle comunit\u00e0 ecclesiali di base e alla collaborazione con i centri di sanit\u00e0 la Casa della Misericordia \u00e8 ben radicata su un territorio che conta una <em>popolazione di oltre 50.000 persone<\/em> e pu\u00f2 di volta in volta individuare e raggiungere i casi pi\u00f9 urgenti.<\/p>\n<\/div>\n\n\n\n<div class=\"wp-block-column is-layout-flow wp-block-column-is-layout-flow\">\n<p><strong>Beneficiari diretti<\/strong><\/p>\n\n\n\n<p>Gli adulti, i bambini e gli adolescenti accolti nel centro ricevono un&#8217;alimentazione confacente alle loro necessit\u00e0, viene loro assicurata la somministrazione dei <em>farmaci antiretrovirali<a href=\"#_ftn2\" name=\"_ftnref2\"><strong>[2]<\/strong><\/a>,<\/em> e, quando se ne presenta il bisogno, sono accompagnati dagli educatori nei centri di sanit\u00e0 e negli ospedali di riferimento. Anche coloro i quali, una volta migliorate le loro condizioni, sono rientrati nelle&nbsp;proprie famiglie, continuano ad essere sorvegliati e aiutati ogni qualvolta risulti necessario un intervento da parte della Casa della Misericordia.<\/p>\n<\/div>\n<\/div>\n\n\n\n<h2 class=\"has-text-align-center has-luminous-vivid-orange-color has-text-color wp-block-heading\"><strong>Obiettivi specifici del progetto<\/strong><\/h2>\n\n\n\n<p class=\"has-text-align-center has-luminous-vivid-amber-color has-text-color has-medium-font-size\">Si sviluppano su <u>2 livelli<\/u>&nbsp;:<\/p>\n\n\n\n<div class=\"wp-block-columns is-layout-flex wp-container-core-columns-is-layout-28f84493 wp-block-columns-is-layout-flex\">\n<div class=\"wp-block-column is-layout-flow wp-block-column-is-layout-flow\">\n<h3 class=\"has-text-align-center wp-block-heading\"><strong>Prevenzione<\/strong><\/h3>\n\n\n\n<p>Prevenire il fenomeno dell\u2019Aids<\/p>\n\n\n\n<p>Incoraggiare la popolazione a fare sensibilizzazione sul tema dell\u2019aids nei villaggi attraverso il metodo <em>peer to peer<\/em>;<\/p>\n\n\n\n<p>Educare le genti a non discriminare e stigmatizzare le persone malate di aids<\/p>\n<\/div>\n\n\n\n<div class=\"wp-block-column is-layout-flow wp-block-column-is-layout-flow\">\n<h3 class=\"has-text-align-center wp-block-heading\"><strong>Assistenza<\/strong><\/h3>\n\n\n\n<p>Presa in carico dei soggetti vulnerabili&nbsp;: <strong>bambini\/adolescenti privi dei genitori e malati di Aids<\/strong> assicurando l\u2019assistenza anche alle persone adulte&nbsp;;<\/p>\n\n\n\n<p><strong>Garantire spazi adeguati<\/strong>, accoglienti e separati per permettere di seguire la malattia con approcci e metodi diversificati tra il bambino e l\u2019adulto sia sotto il profilo delle cure che psicologico&nbsp;;<\/p>\n\n\n\n<p>Costituzione di una <strong>rete di volontari che capillarmente nei villaggi possono garantire l\u2019assistenza<\/strong> delle persone affette da aids<\/p>\n\n\n\n<p><strong>Assicurare visite a domicilio<\/strong> verso quei soggetti che rifiutano le cure, non seguono i programmi del Centro di sanit\u00e0, sono esclusi dalla rete familiare, vivono in condizioni di povert\u00e0 estrema. <strong><u>Sono circa 180 gli adolescenti che ne beneficiano<\/u><\/strong><u>.<\/u><\/p>\n\n\n\n<p>Costituzione di <strong>Associazioni di mutuo aiuto<\/strong> i cui membri convivono con la malattia e si ritrovano 1 volta al mese<u>. <strong>Attualmente il numero delle persone che le compongono sono 421.<\/strong><\/u><\/p>\n\n\n\n<p><strong>&nbsp;<\/strong>Accompagnamento scolastico rivolto agli ospiti della struttura e ai pazienti esterni.<\/p>\n<\/div>\n<\/div>\n\n\n\n<h2 class=\"has-text-align-center has-luminous-vivid-amber-color has-text-color wp-block-heading\">Autonomia della struttura<\/h2>\n\n\n\n<div class=\"wp-block-columns is-layout-flex wp-container-core-columns-is-layout-28f84493 wp-block-columns-is-layout-flex\">\n<div class=\"wp-block-column is-layout-flow wp-block-column-is-layout-flow\" style=\"flex-basis:25%\"><\/div>\n\n\n\n<div class=\"wp-block-column is-layout-flow wp-block-column-is-layout-flow\" style=\"flex-basis:50%\">\n<p>Attivit\u00e0 di allevamento di mucche e maiali con il triplice scopo di:<\/p>\n\n\n\n<ol class=\"wp-block-list\"><li>Produrre latte per garantire il giusto apporto nutritivo agli ospiti della struttura.<\/li><li>Produrre letame da destinare come concime per i campi, in particolare il bananeto interno alla struttura e da utilizzare come fonte di produzione di gas metano per far funzionare la cucina.<\/li><li>Vendere le carni (bovine e\/o suine) nei mercati locali per ricavare denaro da utilizzare nelle altre attivit\u00e0 del Centro.<\/li><\/ol>\n\n\n\n<ul class=\"wp-block-list\"><li><strong><u>Priorit\u00e0 per quest\u2019annno<\/u><\/strong><u>&nbsp;<strong>2019-2020<\/strong>:<\/u><\/li><\/ul>\n\n\n\n<ol class=\"wp-block-list\"><li>Mantenimento dei bambini interni alla struttura<\/li><li>Aumentare la presa in carico delle famiglie in situazione di vulnerabilit\u00e0 a livello di villaggio<\/li><li>Garantire la scolarizzazione degli ospiti del centro.<\/li><\/ol>\n\n\n\n<p><strong><em>&nbsp;<\/em><\/strong><strong><em>INTERVENTI REALIZZATI ALL\u2019INTERNO DELLA CASA DELLA MISERICORDIA PER LIMITARE LA DIPENDENZA DA AIUTI ESTERNI E INCAMMINARSI SULLA STRADA DELL\u2019AUTO-SOSTENTAMENTO<\/em><\/strong><\/p>\n\n\n\n<p>In tale direzione \u00e8 stato realizzato <strong><em>l&#8217;impianto per la produzione di biogas ottenuto dal letame dei bovini del Centro.<\/em> <\/strong>Tale intervento contribuisce a ridurre il consumo di legname e il numero di alberi abbattuti.<\/p>\n\n\n\n<p>Peraltro, al fine di incrementare sia la produzione di letame per l\u2019impianto di biogas che la produzione di latte da destinare agli ospiti interni alla Casa, \u00e8 stato deciso di <strong>aumentare il numero di mucche<\/strong> fino a<strong> sette unit\u00e0<\/strong>, e conseguentemente ingrandire le stalle.<\/p>\n\n\n\n<p>In ultimo,&nbsp; \u00e8 stato <strong>introdotto anche un allevamento di maiali<\/strong> con due scopi:<\/p>\n\n\n\n<p>1) produrre concime per i campi, soprattutto il bananeto;<\/p>\n\n\n\n<p>2) poter ricavare dalla loro vendita denaro da poter utilizzare nelle altre attivit\u00e0 del centro.<\/p>\n\n\n\n<p>Il progetto che prevedeva l&#8217;acquisto dei suini e la costruzione delle stalle, ha visto il sostegno congiunto della <strong>Diocesi di Lucca, dell\u2019ass.ne Amani Nyayo<\/strong> e di una <strong>Ong tedesca<\/strong> che opera in Rwanda al fine di finanziare l&#8217;acquisto di altri maiali e la costruzione di un altro stabile ponendo come condizione <em>sine qua non<\/em> quella di distribuire i suini che nasceranno a famiglie indigenti.<\/p>\n<\/div>\n\n\n\n<div class=\"wp-block-column is-layout-flow wp-block-column-is-layout-flow\" style=\"flex-basis:25%\"><\/div>\n<\/div>\n","protected":false},"excerpt":{"rendered":"<p>Promosso dal Centro missionario della Diocesi di Lucca in collaborazione con l\u2019Ass.ne Amani Nyayo Onlus Sostegno alla Casa della Misericordia che ospita bambini\/adolescenti orfani di entrambi i genitori&nbsp; e malati di AIDS. L\u2019intervento si sviluppa nel villaggio di Nyarurema, regione<\/p>\n","protected":false},"author":11,"featured_media":0,"parent":0,"menu_order":0,"comment_status":"closed","ping_status":"closed","template":"","meta":{"footnotes":""},"class_list":["post-368","page","type-page","status-publish","hentry"],"_links":{"self":[{"href":"https:\/\/www.diocesilucca.it\/missioni\/wp-json\/wp\/v2\/pages\/368","targetHints":{"allow":["GET"]}}],"collection":[{"href":"https:\/\/www.diocesilucca.it\/missioni\/wp-json\/wp\/v2\/pages"}],"about":[{"href":"https:\/\/www.diocesilucca.it\/missioni\/wp-json\/wp\/v2\/types\/page"}],"author":[{"embeddable":true,"href":"https:\/\/www.diocesilucca.it\/missioni\/wp-json\/wp\/v2\/users\/11"}],"replies":[{"embeddable":true,"href":"https:\/\/www.diocesilucca.it\/missioni\/wp-json\/wp\/v2\/comments?post=368"}],"version-history":[{"count":6,"href":"https:\/\/www.diocesilucca.it\/missioni\/wp-json\/wp\/v2\/pages\/368\/revisions"}],"predecessor-version":[{"id":1334,"href":"https:\/\/www.diocesilucca.it\/missioni\/wp-json\/wp\/v2\/pages\/368\/revisions\/1334"}],"wp:attachment":[{"href":"https:\/\/www.diocesilucca.it\/missioni\/wp-json\/wp\/v2\/media?parent=368"}],"curies":[{"name":"wp","href":"https:\/\/api.w.org\/{rel}","templated":true}]}}