{"id":1954,"date":"2025-12-18T11:33:54","date_gmt":"2025-12-18T10:33:54","guid":{"rendered":"https:\/\/www.diocesilucca.it\/missioni\/?page_id=1954"},"modified":"2026-04-09T11:54:34","modified_gmt":"2026-04-09T09:54:34","slug":"progetto-in-mensa","status":"publish","type":"page","link":"https:\/\/www.diocesilucca.it\/missioni\/progetto-in-mensa\/","title":{"rendered":"Progetto In Mensa"},"content":{"rendered":"\n<p><\/p>\n\n\n\n<div class=\"wp-block-cover\"><img loading=\"lazy\" decoding=\"async\" width=\"1024\" height=\"768\" class=\"wp-block-cover__image-background wp-image-1957 size-large\" alt=\"\" src=\"https:\/\/www.diocesilucca.it\/missioni\/wp-content\/uploads\/sites\/7\/2025\/12\/WhatsApp-Image-2025-12-13-at-16.41.12-2-1024x768.jpeg\" data-object-fit=\"cover\" srcset=\"https:\/\/www.diocesilucca.it\/missioni\/wp-content\/uploads\/sites\/7\/2025\/12\/WhatsApp-Image-2025-12-13-at-16.41.12-2-1024x768.jpeg 1024w, https:\/\/www.diocesilucca.it\/missioni\/wp-content\/uploads\/sites\/7\/2025\/12\/WhatsApp-Image-2025-12-13-at-16.41.12-2-300x225.jpeg 300w, https:\/\/www.diocesilucca.it\/missioni\/wp-content\/uploads\/sites\/7\/2025\/12\/WhatsApp-Image-2025-12-13-at-16.41.12-2-768x576.jpeg 768w, https:\/\/www.diocesilucca.it\/missioni\/wp-content\/uploads\/sites\/7\/2025\/12\/WhatsApp-Image-2025-12-13-at-16.41.12-2-1536x1152.jpeg 1536w, https:\/\/www.diocesilucca.it\/missioni\/wp-content\/uploads\/sites\/7\/2025\/12\/WhatsApp-Image-2025-12-13-at-16.41.12-2.jpeg 1600w\" sizes=\"auto, (max-width: 1024px) 100vw, 1024px\" \/><span aria-hidden=\"true\" class=\"wp-block-cover__background has-background-dim\" style=\"background-color:#7c797e\"><\/span><div class=\"wp-block-cover__inner-container is-layout-constrained wp-block-cover-is-layout-constrained\">\n<p><\/p>\n\n\n\n<h2 class=\"wp-block-heading has-text-align-center\"><strong>In Mensa<\/strong><\/h2>\n\n\n\n<p class=\"has-text-align-center\">Una mensa solidale per le persone vulnerabili della citt\u00e0 di Sao Luis in Brasile<\/p>\n<\/div><\/div>\n\n\n\n<p><\/p>\n\n\n\n<h2 class=\"wp-block-heading\">Contesto<\/h2>\n\n\n\n<p>Il Report SOFI (State for Food Security and Nutrition in the World) presentato a Rio de Janeiro nel 2024, mostra che gli interventi e le politiche di sostegno e sicurezza alimentare hanno impedito a 14.7 milioni di persone di soffrire la fame. La grave insicurezza alimentare che nel 2022 colpiva 17,2 milioni di persone, oggi si \u00e8 ridotta del 2,5%. Si tratta di un risultato importante anche in vista del raggiungimento dell\u2019Obiettivo 2 dell\u2019Agenda 2030, che prevede di \u201cEradicare la fame, raggiungere la sicurezza alimentare, migliorare la nutrizione e promuovere un\u2019agricoltura sostenuibile\u201d<\/p>\n\n\n\n<p>Secondo la definizione della FAO (Food and Agricoltural Organisation), <strong>l\u2019insicurezza alimentare grave avviene quando una persona non ha accesso al cibo per uno o pi\u00f9 giorni,<\/strong> e se ci\u00f2 accade regolarmente pu\u00f2 condurre a seri problemi fisici e mentali, e lo sviluppo cognitivo dei bambini.<\/p>\n\n\n\n<p>A livello di insicurezza alimentare le regioni del Nord e del Nord-Est hanno percentuali pi\u00f9 alte, mentre sono pi\u00f9 basse nelle regioni del Centro-Ovest, del Sud-Est e del Sud. Differenze sulla condizione di insicurezza alimentare si riscontrano anche dal punto di vista del genere e dell\u2019etnia: le famiglie di cui il capofamiglia \u00e8 una donna si trovano in una condizione di insicurezza alimentare maggiore rispetto a quelle in cui il capofamiglia \u00e8 uomo, \u00e8 anche le famiglie afrodiscendenti o mulatte vivono in situazioni di maggiore fragilit\u00e0 alimentare. <strong>Lo stato di insicurezza alimentare \u00e8 stato osservato in circa \u00bc delle famiglie nel Nord (23,7%) e nel Nord-Est (23,9%)<\/strong>, il che indica che un gran numero di residenti \u00e8 preoccupato o incerto sull&#8217;accesso al cibo. Le regioni del Nord comprendono gli Stati coperti dalla foresta amazzonica, l&#8217;area del Paese con la pi\u00f9 alta percentuale di comunit\u00e0 tradizionali e si caratterizzano per la presenza di <strong>forti disuguaglianze sociali legate al ridotto accesso ai servizi igienici di base e all&#8217;acqua potabile<\/strong>, che sono uno dei principali fattori determinanti l\u2019insicurezza alimentare.<\/p>\n\n\n\n<p class=\"has-text-align-center\"><\/p>\n\n\n\n<div style=\"height:73px\" aria-hidden=\"true\" class=\"wp-block-spacer\"><\/div>\n\n\n\n<div class=\"wp-block-media-text is-stacked-on-mobile\" style=\"grid-template-columns:34% auto\"><figure class=\"wp-block-media-text__media\"><video controls src=\"https:\/\/www.diocesilucca.it\/missioni\/wp-content\/uploads\/sites\/7\/2025\/12\/Video_mensa_Brasile.mp4\"><\/video><\/figure><div class=\"wp-block-media-text__content\">\n<h2 class=\"wp-block-heading\">Il progetto<\/h2>\n\n\n\n<p>Il progetto InMensa \u00e8 una <strong>mensa solidale per le persone vulnerabili della citt\u00e0 di Sao Luis in Brasile<\/strong>, per cogliere i reali bisogni della popolazione, quella pi\u00f9 fragile e marginalizzata, e provare a dare risposte immediate.<\/p>\n\n\n\n<p>In quest\u2019ottica il <strong>progetto InMensa<\/strong> agisce con <strong>4 macro azioni volte a ridurre il numero di persone che versano in stato di povert\u00e0 estrema<\/strong> e che secondo i dati del Comune di Sao Luis si aggirano attorno alle 1.700 unit\u00e0 (anche se i dati reali si stabilizzano su cifre ben pi\u00f9 alte e crescenti) con una prevalenza di maschi dai 22 ai 40 anni. <\/p>\n\n\n\n<p>La <strong>distribuzione del pasto<\/strong> costituisce un\u2019occasione per incontrare le persone senza fissa dimora, per istaurare una relazione basata sul reciproco rispetto lontana da sguardi giudicanti, ma soprattutto per iniettare fiducia nelle persone convincendole della possibilit\u00e0 del loro riscatto sociale e di affrancarsi da forme di dipendenza economico-sociale. A livello comunale le politiche sociali a favore delle categorie pi\u00f9 vulnerabili esistono ma sono insufficienti, pertanto, hanno bisogno di essere integrate da interventi che provengono dal terzo settore, in particolare dalla Chiesa locale che gioca un ruolo fondamentale nelle azioni sociali e nella promozione di programmi pastorali legati alla fame e alla pastorale di strada.<\/p>\n<\/div><\/div>\n\n\n\n<div style=\"height:69px\" aria-hidden=\"true\" class=\"wp-block-spacer\"><\/div>\n\n\n\n<h2 class=\"wp-block-heading\">Azioni<\/h2>\n\n\n\n<div class=\"wp-block-group is-nowrap is-layout-flex wp-container-core-group-is-layout-6c531013 wp-block-group-is-layout-flex\">\n<p><strong>Equipaggiare una cucina professionale<\/strong> con attrezzature pi\u00f9 funzionali a ottimizzare i tempi di preparazione, le risorse umane e i consumi energetici, consentendo di facilitare la conservazione degli alimenti, il mantenimento di sapori, aromi e consistenze dei cibi assicurando una corretta igiene e gestione del freddo. A tal riguardo l\u2019obiettivo principale \u00e8 quello di incrementare il numero dei pasti erogati cercando di raggiungere almeno le 700 unit\u00e0 contro le 300 attuali.<\/p>\n\n\n\n<p> <strong>Costituire un punto di riferimento per la citt\u00e0<\/strong> riconosciuto dalle autorit\u00e0 locali e dalla popolazione per un\u2019azione complementare e parallela a quella pubblica che fronteggi la crescente domanda di cibo dando continuit\u00e0 al servizio;<\/p>\n\n\n\n<p><strong>Contrastare la carenza di servizi pubblici essenziali alla persona<\/strong> garantendo la somministrazione di pasti caldi almeno 3 volte la settimana in orario serale e destinare gli altri giorni della settimana per stoccare i generi alimentari donati dalla cittadinanza o da supermercati\/negozi di vicinato che vogliono disfarsi di prodotti ancora buoni ma di prossima scadenza.<\/p>\n\n\n\n<p> <strong>Promuovere percorsi didattici nelle scuole secondarie di 1\u00b0 o 2\u00b0 grado per sensibilizzare sul tema del diritto al cibo e sulla giustizia sociale<\/strong> e informare la cittadinanza con eventi e testimonianze sul territorio insieme allo sviluppo di una campagna di comunicazione digitale e cartacea che aggiorni sugli esiti raggiunti dalle azioni progettuali.<\/p>\n<\/div>\n\n\n\n<div style=\"height:80px\" aria-hidden=\"true\" class=\"wp-block-spacer\"><\/div>\n\n\n\n<figure class=\"wp-block-gallery has-nested-images columns-default is-cropped wp-block-gallery-1 is-layout-flex wp-block-gallery-is-layout-flex\">\n<figure class=\"wp-block-image size-large\"><a href=\"https:\/\/www.diocesilucca.it\/missioni\/wp-content\/uploads\/sites\/7\/2025\/12\/WhatsApp-Image-2025-12-13-at-16.41.11.jpeg\"><img loading=\"lazy\" decoding=\"async\" width=\"768\" height=\"1024\" data-id=\"1962\" src=\"https:\/\/www.diocesilucca.it\/missioni\/wp-content\/uploads\/sites\/7\/2025\/12\/WhatsApp-Image-2025-12-13-at-16.41.11-768x1024.jpeg\" alt=\"\" class=\"wp-image-1962\" srcset=\"https:\/\/www.diocesilucca.it\/missioni\/wp-content\/uploads\/sites\/7\/2025\/12\/WhatsApp-Image-2025-12-13-at-16.41.11-768x1024.jpeg 768w, https:\/\/www.diocesilucca.it\/missioni\/wp-content\/uploads\/sites\/7\/2025\/12\/WhatsApp-Image-2025-12-13-at-16.41.11-225x300.jpeg 225w, https:\/\/www.diocesilucca.it\/missioni\/wp-content\/uploads\/sites\/7\/2025\/12\/WhatsApp-Image-2025-12-13-at-16.41.11.jpeg 960w\" sizes=\"auto, (max-width: 768px) 100vw, 768px\" \/><\/a><\/figure>\n\n\n\n<figure class=\"wp-block-image size-large\"><a href=\"https:\/\/www.diocesilucca.it\/missioni\/wp-content\/uploads\/sites\/7\/2025\/12\/WhatsApp-Image-2025-12-13-at-16.35.16.jpeg\"><img loading=\"lazy\" decoding=\"async\" width=\"768\" height=\"1024\" data-id=\"1963\" src=\"https:\/\/www.diocesilucca.it\/missioni\/wp-content\/uploads\/sites\/7\/2025\/12\/WhatsApp-Image-2025-12-13-at-16.35.16-768x1024.jpeg\" alt=\"\" class=\"wp-image-1963\" srcset=\"https:\/\/www.diocesilucca.it\/missioni\/wp-content\/uploads\/sites\/7\/2025\/12\/WhatsApp-Image-2025-12-13-at-16.35.16-768x1024.jpeg 768w, https:\/\/www.diocesilucca.it\/missioni\/wp-content\/uploads\/sites\/7\/2025\/12\/WhatsApp-Image-2025-12-13-at-16.35.16-225x300.jpeg 225w, https:\/\/www.diocesilucca.it\/missioni\/wp-content\/uploads\/sites\/7\/2025\/12\/WhatsApp-Image-2025-12-13-at-16.35.16.jpeg 960w\" sizes=\"auto, (max-width: 768px) 100vw, 768px\" \/><\/a><\/figure>\n\n\n\n<figure class=\"wp-block-image size-large\"><a href=\"https:\/\/www.diocesilucca.it\/missioni\/wp-content\/uploads\/sites\/7\/2025\/12\/WhatsApp-Image-2025-12-13-at-16.41.13.jpeg\"><img loading=\"lazy\" decoding=\"async\" width=\"768\" height=\"1024\" data-id=\"1961\" src=\"https:\/\/www.diocesilucca.it\/missioni\/wp-content\/uploads\/sites\/7\/2025\/12\/WhatsApp-Image-2025-12-13-at-16.41.13-768x1024.jpeg\" alt=\"\" class=\"wp-image-1961\" srcset=\"https:\/\/www.diocesilucca.it\/missioni\/wp-content\/uploads\/sites\/7\/2025\/12\/WhatsApp-Image-2025-12-13-at-16.41.13-768x1024.jpeg 768w, https:\/\/www.diocesilucca.it\/missioni\/wp-content\/uploads\/sites\/7\/2025\/12\/WhatsApp-Image-2025-12-13-at-16.41.13-225x300.jpeg 225w, https:\/\/www.diocesilucca.it\/missioni\/wp-content\/uploads\/sites\/7\/2025\/12\/WhatsApp-Image-2025-12-13-at-16.41.13-1152x1536.jpeg 1152w, https:\/\/www.diocesilucca.it\/missioni\/wp-content\/uploads\/sites\/7\/2025\/12\/WhatsApp-Image-2025-12-13-at-16.41.13.jpeg 1200w\" sizes=\"auto, (max-width: 768px) 100vw, 768px\" \/><\/a><\/figure>\n\n\n\n<figure class=\"wp-block-image size-large\"><a href=\"https:\/\/www.diocesilucca.it\/missioni\/wp-content\/uploads\/sites\/7\/2025\/12\/WhatsApp-Image-2025-12-13-at-16.35.17.jpeg\"><img loading=\"lazy\" decoding=\"async\" width=\"1024\" height=\"768\" data-id=\"1959\" src=\"https:\/\/www.diocesilucca.it\/missioni\/wp-content\/uploads\/sites\/7\/2025\/12\/WhatsApp-Image-2025-12-13-at-16.35.17-1024x768.jpeg\" alt=\"\" class=\"wp-image-1959\" srcset=\"https:\/\/www.diocesilucca.it\/missioni\/wp-content\/uploads\/sites\/7\/2025\/12\/WhatsApp-Image-2025-12-13-at-16.35.17-1024x768.jpeg 1024w, https:\/\/www.diocesilucca.it\/missioni\/wp-content\/uploads\/sites\/7\/2025\/12\/WhatsApp-Image-2025-12-13-at-16.35.17-300x225.jpeg 300w, https:\/\/www.diocesilucca.it\/missioni\/wp-content\/uploads\/sites\/7\/2025\/12\/WhatsApp-Image-2025-12-13-at-16.35.17-768x576.jpeg 768w, https:\/\/www.diocesilucca.it\/missioni\/wp-content\/uploads\/sites\/7\/2025\/12\/WhatsApp-Image-2025-12-13-at-16.35.17.jpeg 1280w\" sizes=\"auto, (max-width: 1024px) 100vw, 1024px\" \/><\/a><\/figure>\n\n\n\n<figure class=\"wp-block-image size-large\"><a href=\"https:\/\/www.diocesilucca.it\/missioni\/wp-content\/uploads\/sites\/7\/2025\/12\/WhatsApp-Image-2025-12-13-at-16.41.12-2.jpeg\"><img loading=\"lazy\" decoding=\"async\" width=\"1024\" height=\"768\" data-id=\"1957\" src=\"https:\/\/www.diocesilucca.it\/missioni\/wp-content\/uploads\/sites\/7\/2025\/12\/WhatsApp-Image-2025-12-13-at-16.41.12-2-1024x768.jpeg\" alt=\"\" class=\"wp-image-1957\" srcset=\"https:\/\/www.diocesilucca.it\/missioni\/wp-content\/uploads\/sites\/7\/2025\/12\/WhatsApp-Image-2025-12-13-at-16.41.12-2-1024x768.jpeg 1024w, https:\/\/www.diocesilucca.it\/missioni\/wp-content\/uploads\/sites\/7\/2025\/12\/WhatsApp-Image-2025-12-13-at-16.41.12-2-300x225.jpeg 300w, https:\/\/www.diocesilucca.it\/missioni\/wp-content\/uploads\/sites\/7\/2025\/12\/WhatsApp-Image-2025-12-13-at-16.41.12-2-768x576.jpeg 768w, https:\/\/www.diocesilucca.it\/missioni\/wp-content\/uploads\/sites\/7\/2025\/12\/WhatsApp-Image-2025-12-13-at-16.41.12-2-1536x1152.jpeg 1536w, https:\/\/www.diocesilucca.it\/missioni\/wp-content\/uploads\/sites\/7\/2025\/12\/WhatsApp-Image-2025-12-13-at-16.41.12-2.jpeg 1600w\" sizes=\"auto, (max-width: 1024px) 100vw, 1024px\" \/><\/a><\/figure>\n<\/figure>\n\n\n\n<h2 class=\"wp-block-heading\">Aggiornamento:<\/h2>\n\n\n\n<p>E&#8217; stata realizzata una cucina professionale nella parrocchia di <strong>Mossa Senhora dos Remedios<\/strong> situata nella zona centrale di Sao Luis a favore dei <em>moradores de rua<\/em> della citt\u00e0.<\/p>\n\n\n\n<figure class=\"wp-block-gallery has-nested-images columns-default is-cropped wp-block-gallery-2 is-layout-flex wp-block-gallery-is-layout-flex\">\n<figure class=\"wp-block-image size-large\"><a href=\"https:\/\/www.diocesilucca.it\/missioni\/wp-content\/uploads\/sites\/7\/2026\/04\/WhatsApp-Image-2026-04-09-at-10.53.56-1.jpeg\"><img loading=\"lazy\" decoding=\"async\" width=\"768\" height=\"1024\" data-id=\"2115\" src=\"https:\/\/www.diocesilucca.it\/missioni\/wp-content\/uploads\/sites\/7\/2026\/04\/WhatsApp-Image-2026-04-09-at-10.53.56-1-768x1024.jpeg\" alt=\"\" class=\"wp-image-2115\" srcset=\"https:\/\/www.diocesilucca.it\/missioni\/wp-content\/uploads\/sites\/7\/2026\/04\/WhatsApp-Image-2026-04-09-at-10.53.56-1-768x1024.jpeg 768w, https:\/\/www.diocesilucca.it\/missioni\/wp-content\/uploads\/sites\/7\/2026\/04\/WhatsApp-Image-2026-04-09-at-10.53.56-1-225x300.jpeg 225w, https:\/\/www.diocesilucca.it\/missioni\/wp-content\/uploads\/sites\/7\/2026\/04\/WhatsApp-Image-2026-04-09-at-10.53.56-1.jpeg 960w\" sizes=\"auto, (max-width: 768px) 100vw, 768px\" \/><\/a><\/figure>\n\n\n\n<figure class=\"wp-block-image size-large\"><a href=\"https:\/\/www.diocesilucca.it\/missioni\/wp-content\/uploads\/sites\/7\/2026\/04\/WhatsApp-Image-2026-04-09-at-10.53.55-1.jpeg\"><img loading=\"lazy\" decoding=\"async\" width=\"768\" height=\"1024\" data-id=\"2116\" src=\"https:\/\/www.diocesilucca.it\/missioni\/wp-content\/uploads\/sites\/7\/2026\/04\/WhatsApp-Image-2026-04-09-at-10.53.55-1-768x1024.jpeg\" alt=\"\" class=\"wp-image-2116\" srcset=\"https:\/\/www.diocesilucca.it\/missioni\/wp-content\/uploads\/sites\/7\/2026\/04\/WhatsApp-Image-2026-04-09-at-10.53.55-1-768x1024.jpeg 768w, https:\/\/www.diocesilucca.it\/missioni\/wp-content\/uploads\/sites\/7\/2026\/04\/WhatsApp-Image-2026-04-09-at-10.53.55-1-225x300.jpeg 225w, https:\/\/www.diocesilucca.it\/missioni\/wp-content\/uploads\/sites\/7\/2026\/04\/WhatsApp-Image-2026-04-09-at-10.53.55-1.jpeg 960w\" sizes=\"auto, (max-width: 768px) 100vw, 768px\" \/><\/a><\/figure>\n\n\n\n<figure class=\"wp-block-image size-large\"><a href=\"https:\/\/www.diocesilucca.it\/missioni\/wp-content\/uploads\/sites\/7\/2026\/04\/WhatsApp-Image-2026-04-09-at-10.53.54.jpeg\"><img loading=\"lazy\" decoding=\"async\" width=\"768\" height=\"1024\" data-id=\"2117\" src=\"https:\/\/www.diocesilucca.it\/missioni\/wp-content\/uploads\/sites\/7\/2026\/04\/WhatsApp-Image-2026-04-09-at-10.53.54-768x1024.jpeg\" alt=\"\" class=\"wp-image-2117\" srcset=\"https:\/\/www.diocesilucca.it\/missioni\/wp-content\/uploads\/sites\/7\/2026\/04\/WhatsApp-Image-2026-04-09-at-10.53.54-768x1024.jpeg 768w, https:\/\/www.diocesilucca.it\/missioni\/wp-content\/uploads\/sites\/7\/2026\/04\/WhatsApp-Image-2026-04-09-at-10.53.54-225x300.jpeg 225w, https:\/\/www.diocesilucca.it\/missioni\/wp-content\/uploads\/sites\/7\/2026\/04\/WhatsApp-Image-2026-04-09-at-10.53.54.jpeg 960w\" sizes=\"auto, (max-width: 768px) 100vw, 768px\" \/><\/a><\/figure>\n\n\n\n<figure class=\"wp-block-image size-large\"><a href=\"https:\/\/www.diocesilucca.it\/missioni\/wp-content\/uploads\/sites\/7\/2026\/04\/WhatsApp-Image-2026-04-09-at-10.53.51-1.jpeg\"><img loading=\"lazy\" decoding=\"async\" width=\"576\" height=\"1024\" data-id=\"2118\" src=\"https:\/\/www.diocesilucca.it\/missioni\/wp-content\/uploads\/sites\/7\/2026\/04\/WhatsApp-Image-2026-04-09-at-10.53.51-1-576x1024.jpeg\" alt=\"\" class=\"wp-image-2118\" srcset=\"https:\/\/www.diocesilucca.it\/missioni\/wp-content\/uploads\/sites\/7\/2026\/04\/WhatsApp-Image-2026-04-09-at-10.53.51-1-576x1024.jpeg 576w, https:\/\/www.diocesilucca.it\/missioni\/wp-content\/uploads\/sites\/7\/2026\/04\/WhatsApp-Image-2026-04-09-at-10.53.51-1-169x300.jpeg 169w, https:\/\/www.diocesilucca.it\/missioni\/wp-content\/uploads\/sites\/7\/2026\/04\/WhatsApp-Image-2026-04-09-at-10.53.51-1-768x1366.jpeg 768w, https:\/\/www.diocesilucca.it\/missioni\/wp-content\/uploads\/sites\/7\/2026\/04\/WhatsApp-Image-2026-04-09-at-10.53.51-1-864x1536.jpeg 864w, https:\/\/www.diocesilucca.it\/missioni\/wp-content\/uploads\/sites\/7\/2026\/04\/WhatsApp-Image-2026-04-09-at-10.53.51-1.jpeg 899w\" sizes=\"auto, (max-width: 576px) 100vw, 576px\" \/><\/a><\/figure>\n\n\n\n<figure class=\"wp-block-image size-large\"><a href=\"https:\/\/www.diocesilucca.it\/missioni\/wp-content\/uploads\/sites\/7\/2026\/04\/WhatsApp-Image-2026-04-09-at-10.53.50-1.jpeg\"><img loading=\"lazy\" decoding=\"async\" width=\"1024\" height=\"768\" data-id=\"2119\" src=\"https:\/\/www.diocesilucca.it\/missioni\/wp-content\/uploads\/sites\/7\/2026\/04\/WhatsApp-Image-2026-04-09-at-10.53.50-1-1024x768.jpeg\" alt=\"\" class=\"wp-image-2119\" srcset=\"https:\/\/www.diocesilucca.it\/missioni\/wp-content\/uploads\/sites\/7\/2026\/04\/WhatsApp-Image-2026-04-09-at-10.53.50-1-1024x768.jpeg 1024w, https:\/\/www.diocesilucca.it\/missioni\/wp-content\/uploads\/sites\/7\/2026\/04\/WhatsApp-Image-2026-04-09-at-10.53.50-1-300x225.jpeg 300w, https:\/\/www.diocesilucca.it\/missioni\/wp-content\/uploads\/sites\/7\/2026\/04\/WhatsApp-Image-2026-04-09-at-10.53.50-1-768x576.jpeg 768w, https:\/\/www.diocesilucca.it\/missioni\/wp-content\/uploads\/sites\/7\/2026\/04\/WhatsApp-Image-2026-04-09-at-10.53.50-1.jpeg 1280w\" sizes=\"auto, (max-width: 1024px) 100vw, 1024px\" \/><\/a><\/figure>\n\n\n\n<figure class=\"wp-block-image size-large\"><a href=\"https:\/\/www.diocesilucca.it\/missioni\/wp-content\/uploads\/sites\/7\/2026\/04\/WhatsApp-Image-2026-04-09-at-10.53.59-1.jpeg\"><img loading=\"lazy\" decoding=\"async\" width=\"768\" height=\"1024\" data-id=\"2120\" src=\"https:\/\/www.diocesilucca.it\/missioni\/wp-content\/uploads\/sites\/7\/2026\/04\/WhatsApp-Image-2026-04-09-at-10.53.59-1-768x1024.jpeg\" alt=\"\" class=\"wp-image-2120\" srcset=\"https:\/\/www.diocesilucca.it\/missioni\/wp-content\/uploads\/sites\/7\/2026\/04\/WhatsApp-Image-2026-04-09-at-10.53.59-1-768x1024.jpeg 768w, https:\/\/www.diocesilucca.it\/missioni\/wp-content\/uploads\/sites\/7\/2026\/04\/WhatsApp-Image-2026-04-09-at-10.53.59-1-225x300.jpeg 225w, https:\/\/www.diocesilucca.it\/missioni\/wp-content\/uploads\/sites\/7\/2026\/04\/WhatsApp-Image-2026-04-09-at-10.53.59-1.jpeg 960w\" sizes=\"auto, (max-width: 768px) 100vw, 768px\" \/><\/a><figcaption class=\"wp-element-caption\">Mons. Gilberto Pastana de Oliveira e Luca Bianucci, missionario laico <em>fidei donum<\/em> della diocesi di Lucca <\/figcaption><\/figure>\n<\/figure>\n","protected":false},"excerpt":{"rendered":"<p>Contesto Il Report SOFI (State for Food Security and Nutrition in the World) presentato a Rio de Janeiro nel 2024, mostra che gli interventi e le politiche di sostegno e sicurezza alimentare hanno impedito a 14.7 milioni di persone di<\/p>\n","protected":false},"author":15,"featured_media":0,"parent":0,"menu_order":0,"comment_status":"closed","ping_status":"closed","template":"","meta":{"footnotes":""},"class_list":["post-1954","page","type-page","status-publish","hentry"],"_links":{"self":[{"href":"https:\/\/www.diocesilucca.it\/missioni\/wp-json\/wp\/v2\/pages\/1954","targetHints":{"allow":["GET"]}}],"collection":[{"href":"https:\/\/www.diocesilucca.it\/missioni\/wp-json\/wp\/v2\/pages"}],"about":[{"href":"https:\/\/www.diocesilucca.it\/missioni\/wp-json\/wp\/v2\/types\/page"}],"author":[{"embeddable":true,"href":"https:\/\/www.diocesilucca.it\/missioni\/wp-json\/wp\/v2\/users\/15"}],"replies":[{"embeddable":true,"href":"https:\/\/www.diocesilucca.it\/missioni\/wp-json\/wp\/v2\/comments?post=1954"}],"version-history":[{"count":14,"href":"https:\/\/www.diocesilucca.it\/missioni\/wp-json\/wp\/v2\/pages\/1954\/revisions"}],"predecessor-version":[{"id":2129,"href":"https:\/\/www.diocesilucca.it\/missioni\/wp-json\/wp\/v2\/pages\/1954\/revisions\/2129"}],"wp:attachment":[{"href":"https:\/\/www.diocesilucca.it\/missioni\/wp-json\/wp\/v2\/media?parent=1954"}],"curies":[{"name":"wp","href":"https:\/\/api.w.org\/{rel}","templated":true}]}}