{"id":1221,"date":"2021-11-07T12:55:35","date_gmt":"2021-11-07T11:55:35","guid":{"rendered":"https:\/\/www.diocesilucca.it\/missioni\/?page_id=1221"},"modified":"2026-03-13T11:23:19","modified_gmt":"2026-03-13T10:23:19","slug":"si-riparte-da-zero","status":"publish","type":"page","link":"https:\/\/www.diocesilucca.it\/missioni\/si-riparte-da-zero\/","title":{"rendered":"Freedom"},"content":{"rendered":"\n<div class=\"wp-block-cover alignfull is-light\"><img loading=\"lazy\" decoding=\"async\" width=\"1137\" height=\"640\" class=\"wp-block-cover__image-background wp-image-1278\" alt=\"\" src=\"https:\/\/www.diocesilucca.it\/missioni\/wp-content\/uploads\/sites\/7\/2021\/11\/48384836_516036025565217_2545315074080243712_o.jpg\" data-object-fit=\"cover\" srcset=\"https:\/\/www.diocesilucca.it\/missioni\/wp-content\/uploads\/sites\/7\/2021\/11\/48384836_516036025565217_2545315074080243712_o.jpg 1137w, https:\/\/www.diocesilucca.it\/missioni\/wp-content\/uploads\/sites\/7\/2021\/11\/48384836_516036025565217_2545315074080243712_o-300x169.jpg 300w, https:\/\/www.diocesilucca.it\/missioni\/wp-content\/uploads\/sites\/7\/2021\/11\/48384836_516036025565217_2545315074080243712_o-1024x576.jpg 1024w, https:\/\/www.diocesilucca.it\/missioni\/wp-content\/uploads\/sites\/7\/2021\/11\/48384836_516036025565217_2545315074080243712_o-768x432.jpg 768w\" sizes=\"auto, (max-width: 1137px) 100vw, 1137px\" \/><span aria-hidden=\"true\" class=\"wp-block-cover__background has-background-dim\"><\/span><div class=\"wp-block-cover__inner-container is-layout-flow wp-block-cover-is-layout-flow\">\n<h1 class=\"wp-block-heading has-text-align-center has-white-color has-text-color has-link-color wp-elements-f917c2d69fc6606bcbbdcd13ba91bed3\"><strong><em>Freedom<\/em><\/strong><\/h1>\n\n\n\n<p class=\"has-text-align-center has-white-color has-text-color has-medium-font-size\"><strong> Contro l\u2019emergenza umanitaria in Burkina Faso <\/strong><\/p>\n<\/div><\/div>\n\n\n\n<div style=\"height:70px\" aria-hidden=\"true\" class=\"wp-block-spacer\"><\/div>\n\n\n\n<div class=\"wp-block-columns alignwide has-luminous-vivid-amber-background-color has-background is-layout-flex wp-container-core-columns-is-layout-28f84493 wp-block-columns-is-layout-flex\">\n<div class=\"wp-block-column is-layout-flow wp-block-column-is-layout-flow\">\n<p><\/p>\n\n\n\n<h2 class=\"wp-block-heading has-white-color has-text-color\" style=\"padding-top:var(--wp--preset--spacing--50);padding-right:var(--wp--preset--spacing--80);padding-bottom:var(--wp--preset--spacing--50);padding-left:var(--wp--preset--spacing--80)\"><strong>Analisi di contesto<\/strong><\/h2>\n<\/div>\n\n\n\n<div class=\"wp-block-column is-layout-flow wp-block-column-is-layout-flow\">\n<p class=\"has-text-align-left has-black-color has-text-color has-link-color wp-elements-e82159b200bf905b77f2c80c7aece311\" style=\"margin-top:var(--wp--preset--spacing--40);margin-right:0;margin-bottom:var(--wp--preset--spacing--40);margin-left:0;padding-top:0;padding-right:var(--wp--preset--spacing--50);padding-bottom:0;padding-left:var(--wp--preset--spacing--50);font-size:16px\">Il Burkina Faso vive una grave crisi umanitaria, con oltre un quarto della sua popolazione che necessita di assistenza umanitaria. Secondo un nuovo rapporto del Consiglio Norvegese per i Rifugiati (NRC), per il secondo anno consecutivo, la crisi umanitaria in Burkina Faso continua ad essere la pi\u00f9 sottovalutata al mondo. Dei quasi 6 milioni di persone in condizione di bisogno stimate dall\u2019HNRP 2025, il 52% sono donne, il 55% minori e il 15% persone con disabilit\u00e0.<\/p>\n<\/div>\n<\/div>\n\n\n\n<div style=\"height:70px\" aria-hidden=\"true\" class=\"wp-block-spacer\"><\/div>\n\n\n\n<div class=\"wp-block-media-text alignwide is-stacked-on-mobile\"><figure class=\"wp-block-media-text__media\"><img loading=\"lazy\" decoding=\"async\" width=\"1024\" height=\"683\" src=\"https:\/\/www.diocesilucca.it\/missioni\/wp-content\/uploads\/sites\/7\/2026\/03\/B33I3243-1024x683.jpg\" alt=\"\" class=\"wp-image-1985 size-full\" srcset=\"https:\/\/www.diocesilucca.it\/missioni\/wp-content\/uploads\/sites\/7\/2026\/03\/B33I3243-1024x683.jpg 1024w, https:\/\/www.diocesilucca.it\/missioni\/wp-content\/uploads\/sites\/7\/2026\/03\/B33I3243-300x200.jpg 300w, https:\/\/www.diocesilucca.it\/missioni\/wp-content\/uploads\/sites\/7\/2026\/03\/B33I3243-768x512.jpg 768w, https:\/\/www.diocesilucca.it\/missioni\/wp-content\/uploads\/sites\/7\/2026\/03\/B33I3243-1536x1024.jpg 1536w, https:\/\/www.diocesilucca.it\/missioni\/wp-content\/uploads\/sites\/7\/2026\/03\/B33I3243-2048x1365.jpg 2048w\" sizes=\"auto, (max-width: 1024px) 100vw, 1024px\" \/><\/figure><div class=\"wp-block-media-text__content\">\n<h2 class=\"wp-block-heading has-luminous-vivid-orange-color has-text-color has-link-color wp-elements-467b103aa4db7c70805672331fe12d68\"><strong>Insicurezza<\/strong><\/h2>\n\n\n\n<p style=\"line-height:1.8\">L&#8217;insicurezza limita l&#8217;accesso umanitario, compromettendone non solo la risposta, ma anche il rispetto dei diritti umani e l&#8217;applicazione del diritto umanitario internazionale. Il Gruppo di lavoro sull&#8217;accesso umanitario (GTA) ha identificato almeno 39 aree di difficile accesso, che ospitano circa 1,1 milioni di persone, per cui i rifornimenti di generi alimentari e di beni di prima necessit\u00e0 dipendono dai convogli scortati dalle Forze di Difesa e Sicurezza (FDS) del Burkina Faso, oltre che dai voli umanitari.<\/p>\n\n\n\n<p style=\"line-height:1.8\">L&#8217;accesso ai servizi di salute essenziali ed alle cure di base \u00e8 fortemente limitato a causa della chiusura di numerose strutture sanitarie e della riduzione al minimo dei servizi nelle strutture ancora operative. Secondo il rapporto del Ministero della Salute, al 31 agosto 2024, <strong>733 centri sanitari<\/strong> (ossia quasi il 31% del totale) <strong>risultavano chiusi o funzionanti al minimo in 10 delle 13 regioni del Paese<\/strong>, privando dell\u2019assistenza sanitaria oltre 4 milioni di persone (<em>Bulletin n.11 du Cluster Sant\u00e9 &#8211; novembre 2024<\/em>).<\/p>\n<\/div><\/div>\n\n\n\n<div style=\"height:65px\" aria-hidden=\"true\" class=\"wp-block-spacer\"><\/div>\n\n\n\n<div class=\"wp-block-media-text alignwide has-media-on-the-right is-stacked-on-mobile\"><div class=\"wp-block-media-text__content\">\n<div class=\"wp-block-group is-nowrap is-layout-flex wp-container-core-group-is-layout-6c531013 wp-block-group-is-layout-flex\">\n<h2 class=\"wp-block-heading has-luminous-vivid-orange-color has-text-color has-link-color wp-elements-ae7761151d12ffd156bdbc1d0c1c83cb\"><strong>Educazione<\/strong><\/h2>\n\n\n\n<p><\/p>\n<\/div>\n\n\n\n<p style=\"line-height:1.8\">Le difficili condizioni di sicurezza e i movimenti forzati hanno costretto molti bambini ad abbandonare temporaneamente o definitivamente la scuola, provocando contemporaneamente il sovraffollamento delle strutture scolastiche nelle aree di accoglienza, generando condizioni inadeguate, soprattutto per bambine e ragazze, nonch\u00e9 per bambini e bambine con disabilit\u00e0. Secondo il rapporto del Ministero dell\u2019educazione (<em>Rapport statistique mensuel de donn\u00e9s de l\u2019Education en Situation d\u2019Urgence du 31 mai 2024 \u2013 Minist\u00e8re de l\u2019Education Nationale, de l\u2019alphab\u00e9tisation et de la promotion des langues nationales<\/em>), <strong>a marzo 2024<\/strong>, <strong>si contavano 5.300 strutture scolastiche chiuse, circa il 20 % delle strutture del Paese<\/strong>. <\/p>\n<\/div><figure class=\"wp-block-media-text__media\"><img loading=\"lazy\" decoding=\"async\" width=\"1024\" height=\"683\" src=\"https:\/\/www.diocesilucca.it\/missioni\/wp-content\/uploads\/sites\/7\/2026\/03\/B33I4272-1024x683.jpg\" alt=\"\" class=\"wp-image-1987 size-full\" srcset=\"https:\/\/www.diocesilucca.it\/missioni\/wp-content\/uploads\/sites\/7\/2026\/03\/B33I4272-1024x683.jpg 1024w, https:\/\/www.diocesilucca.it\/missioni\/wp-content\/uploads\/sites\/7\/2026\/03\/B33I4272-300x200.jpg 300w, https:\/\/www.diocesilucca.it\/missioni\/wp-content\/uploads\/sites\/7\/2026\/03\/B33I4272-768x512.jpg 768w, https:\/\/www.diocesilucca.it\/missioni\/wp-content\/uploads\/sites\/7\/2026\/03\/B33I4272-1536x1024.jpg 1536w, https:\/\/www.diocesilucca.it\/missioni\/wp-content\/uploads\/sites\/7\/2026\/03\/B33I4272-2048x1365.jpg 2048w\" sizes=\"auto, (max-width: 1024px) 100vw, 1024px\" \/><\/figure><\/div>\n\n\n\n<div style=\"height:70px\" aria-hidden=\"true\" class=\"wp-block-spacer\"><\/div>\n\n\n\n<div class=\"wp-block-media-text is-stacked-on-mobile\"><figure class=\"wp-block-media-text__media\"><img loading=\"lazy\" decoding=\"async\" width=\"1024\" height=\"683\" src=\"https:\/\/www.diocesilucca.it\/missioni\/wp-content\/uploads\/sites\/7\/2026\/03\/B33I4750-1024x683.jpg\" alt=\"\" class=\"wp-image-1988 size-full\" srcset=\"https:\/\/www.diocesilucca.it\/missioni\/wp-content\/uploads\/sites\/7\/2026\/03\/B33I4750-1024x683.jpg 1024w, https:\/\/www.diocesilucca.it\/missioni\/wp-content\/uploads\/sites\/7\/2026\/03\/B33I4750-300x200.jpg 300w, https:\/\/www.diocesilucca.it\/missioni\/wp-content\/uploads\/sites\/7\/2026\/03\/B33I4750-768x512.jpg 768w, https:\/\/www.diocesilucca.it\/missioni\/wp-content\/uploads\/sites\/7\/2026\/03\/B33I4750-1536x1024.jpg 1536w, https:\/\/www.diocesilucca.it\/missioni\/wp-content\/uploads\/sites\/7\/2026\/03\/B33I4750-2048x1365.jpg 2048w\" sizes=\"auto, (max-width: 1024px) 100vw, 1024px\" \/><\/figure><div class=\"wp-block-media-text__content\">\n<h2 class=\"wp-block-heading has-luminous-vivid-orange-color has-text-color has-link-color wp-elements-a97e5440553185365d427b02dc2d6e1f\" style=\"font-size:25px\"><strong>Accesso all\u2019acqua<\/strong><\/h2>\n\n\n\n<p style=\"line-height:1.8\"><strong>Oltre 2,8 milioni di persone hanno un accesso limitato o addirittura inesistente all&#8217;acqua potabile<\/strong> e dalle infrastrutture e servizi igienico-sanitari, aumentando significativamente i rischi per la salute pubblica. In un contesto idrogeologico gi\u00e0 sfavorevole, gli attacchi ai punti d&#8217;acqua e il cambiamento climatico, con il prosciugamento delle fonti idriche, riduce ulteriormente la disponibilit\u00e0 di acqua.<\/p>\n\n\n\n<p><\/p>\n<\/div><\/div>\n\n\n\n<div style=\"height:73px\" aria-hidden=\"true\" class=\"wp-block-spacer\"><\/div>\n\n\n\n<div class=\"wp-block-columns is-layout-flex wp-container-core-columns-is-layout-28f84493 wp-block-columns-is-layout-flex\">\n<div class=\"wp-block-column is-layout-flow wp-block-column-is-layout-flow\">\n<h2 class=\"wp-block-heading has-luminous-vivid-orange-color has-text-color has-link-color wp-elements-7951219df029979eb0755dc805c2e187\" style=\"font-size:25px\"><strong>Protezione della popolazione<\/strong><\/h2>\n\n\n\n<p style=\"margin-top:0;margin-bottom:0;line-height:1.9\">La regione resta una delle maggiormente interessate dai movimenti forzati della popolazione, <strong>con oltre 50.000 sfollati interni <\/strong>e presenta tra i bisogni pi\u00f9 elevati del paese, poich\u00e9 l&#8217;alto numero di sfollati interni e di <em>returnees<\/em> ha un crescente impatto sulle risorse a disposizione. La regione del Centro-Nord \u00e8 anche colpita da <strong>fenomeni climatici estremi<\/strong>, che hanno effetti nefasti sulle famiglie sfollate ospitate nei siti di emergenza, poich\u00e9 registra il numero pi\u00f9 elevato di comuni con livelli di gravit\u00e0 3 e 4 per bisogni nei settori shelter e NFIs (beni non alimentari) del paese. I bisogni potrebbero aumentare a causa dell&#8217;intensificarsi del conflitto nelle regioni limitrofe, e dei nuovi flussi di persone in migrazione forzata interna.<\/p>\n\n\n\n<figure class=\"wp-block-image size-large\"><a href=\"https:\/\/www.diocesilucca.it\/missioni\/wp-content\/uploads\/sites\/7\/2026\/03\/B33I4234-scaled.jpg\"><img loading=\"lazy\" decoding=\"async\" width=\"1024\" height=\"683\" src=\"https:\/\/www.diocesilucca.it\/missioni\/wp-content\/uploads\/sites\/7\/2026\/03\/B33I4234-1024x683.jpg\" alt=\"\" class=\"wp-image-1989\" srcset=\"https:\/\/www.diocesilucca.it\/missioni\/wp-content\/uploads\/sites\/7\/2026\/03\/B33I4234-1024x683.jpg 1024w, https:\/\/www.diocesilucca.it\/missioni\/wp-content\/uploads\/sites\/7\/2026\/03\/B33I4234-300x200.jpg 300w, https:\/\/www.diocesilucca.it\/missioni\/wp-content\/uploads\/sites\/7\/2026\/03\/B33I4234-768x512.jpg 768w, https:\/\/www.diocesilucca.it\/missioni\/wp-content\/uploads\/sites\/7\/2026\/03\/B33I4234-1536x1024.jpg 1536w, https:\/\/www.diocesilucca.it\/missioni\/wp-content\/uploads\/sites\/7\/2026\/03\/B33I4234-2048x1365.jpg 2048w\" sizes=\"auto, (max-width: 1024px) 100vw, 1024px\" \/><\/a><figcaption class=\"wp-element-caption\">Foto di Francesco Malavolta (2025)<\/figcaption><\/figure>\n<\/div>\n<\/div>\n\n\n\n<div style=\"height:34px\" aria-hidden=\"true\" class=\"wp-block-spacer\"><\/div>\n\n\n\n<div class=\"wp-block-columns is-layout-flex wp-container-core-columns-is-layout-28f84493 wp-block-columns-is-layout-flex\">\n<div class=\"wp-block-column is-layout-flow wp-block-column-is-layout-flow\">\n<p class=\"has-text-align-center has-luminous-vivid-amber-color has-text-color\"><strong>Provincia di provenienza<\/strong><\/p>\n\n\n\n<figure class=\"wp-block-table is-style-stripes\"><table><tbody><tr><td>Soum (Sahel)<\/td><td>464.150<\/td><\/tr><tr><td>Sanmatenga(Centre-Nord)<\/td><td>291.795<\/td><\/tr><tr><td>Gourma (Est)<\/td><td>102.781<\/td><\/tr><tr><td>Seno (Sahel)<\/td><td>77.310<\/td><\/tr><tr><td>Loroum (Nord)<\/td><td>74.793<\/td><\/tr><\/tbody><\/table><\/figure>\n<\/div>\n<\/div>\n\n\n\n<div style=\"height:34px\" aria-hidden=\"true\" class=\"wp-block-spacer\"><\/div>\n\n\n\n<p class=\"has-text-align-center has-black-color has-text-color has-medium-font-size\"><strong>La regione del Centro Nord, \u00e8 la seconda regione con il maggior numero di sfollati, pari al 34,7% seconda alla regione del Sahel con il 35,04%.<\/strong><\/p>\n\n\n\n<p class=\"has-text-align-center has-black-color has-text-color has-medium-font-size\"><strong>La provincia di Sanmatenga, di cui Kaya \u00e8 la capitale, \u00e8 il primo luogo a ricevere gli sfollati, con 327.081<\/strong><\/p>\n\n\n\n<div style=\"height:34px\" aria-hidden=\"true\" class=\"wp-block-spacer\"><\/div>\n\n\n\n<blockquote class=\"wp-block-quote has-text-align-center is-style-default is-layout-flow wp-block-quote-is-layout-flow\">\n<p>&#8220;Spesso bisogna mettersi in fila per pi\u00f9 di 24 ore alla pompa per avere accesso all&#8217;acqua&#8221;<\/p>\n<cite>aUTORIT\u00e0 LOCALE<\/cite><\/blockquote>\n\n\n\n<div class=\"wp-block-columns is-layout-flex wp-container-core-columns-is-layout-28f84493 wp-block-columns-is-layout-flex\">\n<div class=\"wp-block-column is-layout-flow wp-block-column-is-layout-flow\" style=\"flex-basis:50%\"><\/div>\n\n\n\n<div class=\"wp-block-column is-layout-flow wp-block-column-is-layout-flow\" style=\"flex-basis:25%\"><\/div>\n<\/div>\n\n\n\n<div style=\"height:53px\" aria-hidden=\"true\" class=\"wp-block-spacer\"><\/div>\n\n\n\n<div class=\"wp-block-columns alignwide has-background is-layout-flex wp-container-core-columns-is-layout-28f84493 wp-block-columns-is-layout-flex\" style=\"background-color:#366273\">\n<div class=\"wp-block-column is-layout-flow wp-block-column-is-layout-flow\">\n<h2 class=\"wp-block-heading has-luminous-vivid-orange-color has-text-color\" style=\"margin-top:var(--wp--preset--spacing--80);margin-right:var(--wp--preset--spacing--80);margin-bottom:var(--wp--preset--spacing--80);margin-left:var(--wp--preset--spacing--80)\"><strong>Bisogni<\/strong><\/h2>\n<\/div>\n\n\n\n<div class=\"wp-block-column is-layout-flow wp-block-column-is-layout-flow\">\n<p class=\"has-white-color has-text-color\" style=\"margin-top:var(--wp--preset--spacing--60);margin-right:var(--wp--preset--spacing--20);margin-bottom:var(--wp--preset--spacing--60);margin-left:var(--wp--preset--spacing--20)\">Il numero delle consultazioni dopo l\u2019arrivo degli sfollati interni \u00e8 praticamente raddoppiato. C&#8217;\u00e8 quindi la necessit\u00e0 di rafforzare le infrastrutture esistenti e\/o di considerare la costruzione di altri centri sanitari.<\/p>\n<\/div>\n\n\n\n<div class=\"wp-block-column is-layout-flow wp-block-column-is-layout-flow\">\n<p class=\"has-white-color has-text-color\" style=\"margin-top:var(--wp--preset--spacing--40);margin-right:var(--wp--preset--spacing--20);margin-bottom:var(--wp--preset--spacing--40);margin-left:var(--wp--preset--spacing--20)\"><strong>C&#8217;\u00e8 anche bisogno di rafforzare le risorse umane, le scorte di farmaci, le attrezzature della catena del freddo per la conservazione dei prodotti medici e di vaccinazione, l&#8217;efficacia delle cure gratuite per le donne incinte e i bambini sotto i cinque anni, e il monitoraggio delle epidemie e della malnutrizione.<\/strong><\/p>\n<\/div>\n<\/div>\n\n\n\n<div style=\"height:100px\" aria-hidden=\"true\" class=\"wp-block-spacer\"><\/div>\n\n\n\n<div class=\"wp-block-columns alignwide has-background is-layout-flex wp-container-core-columns-is-layout-28f84493 wp-block-columns-is-layout-flex\" style=\"background-color:#6999ac\">\n<div class=\"wp-block-column is-layout-flow wp-block-column-is-layout-flow\">\n<h2 class=\"wp-block-heading has-luminous-vivid-amber-color has-text-color\" style=\"padding-top:var(--wp--preset--spacing--80);padding-right:var(--wp--preset--spacing--70);padding-bottom:var(--wp--preset--spacing--80);padding-left:var(--wp--preset--spacing--70)\"><strong><strong>Enti impegnati nell&#8217;emergenza sanitaria<\/strong><\/strong><\/h2>\n<\/div>\n\n\n\n<div class=\"wp-block-column is-layout-flow wp-block-column-is-layout-flow\">\n<p class=\"has-white-color has-text-color\" style=\"margin-top:var(--wp--preset--spacing--30);margin-bottom:var(--wp--preset--spacing--30)\">Le province con il maggior numero di partner attivi nel fronteggiare l\u2019emergenza sono quelle del Centro-Nord (Sanmatenga, Namentenga e Bam), e della provincia di Yatenga nel Nord.<\/p>\n\n\n\n<p class=\"has-white-color has-text-color has-link-color wp-elements-f754fe7217cc247ea41606540e7c3d07\" style=\"margin-top:var(--wp--preset--spacing--40);margin-bottom:var(--wp--preset--spacing--40)\">In totale, <em><strong>nel 2020 i membri del Cluster, di cui OCADES CARITAS KAYA fa parte, sono intervenuti in 120 comuni sui 159 delle 5 regioni pari al 75% dei comuni colpiti<\/strong><\/em> dalla crisi. Il bisogno rimane ed \u00e8 in crescita; da qui la necessit\u00e0 di un buon coordinamento del lavoro da parte di tutte le parti interessate.<\/p>\n<\/div>\n<\/div>\n\n\n\n<div style=\"height:100px\" aria-hidden=\"true\" class=\"wp-block-spacer\"><\/div>\n\n\n\n<div class=\"wp-block-columns alignwide has-background is-layout-flex wp-container-core-columns-is-layout-28f84493 wp-block-columns-is-layout-flex\" style=\"background-color:#96c8dc\">\n<div class=\"wp-block-column is-layout-flow wp-block-column-is-layout-flow\">\n<h2 class=\"wp-block-heading has-luminous-vivid-orange-color has-text-color\" style=\"margin-top:var(--wp--preset--spacing--60);margin-right:var(--wp--preset--spacing--80);margin-bottom:var(--wp--preset--spacing--60);margin-left:var(--wp--preset--spacing--80);padding-top:var(--wp--preset--spacing--60);padding-bottom:var(--wp--preset--spacing--60)\"><strong>Proposta<\/strong><\/h2>\n<\/div>\n\n\n\n<div class=\"wp-block-column is-layout-flow wp-block-column-is-layout-flow\">\n<p class=\"has-white-color has-text-color has-medium-font-size\" style=\"margin-top:var(--wp--preset--spacing--60);margin-bottom:var(--wp--preset--spacing--60);padding-top:var(--wp--preset--spacing--50);padding-right:0;padding-bottom:var(--wp--preset--spacing--50);padding-left:0\"><em><strong>L\u2019assegnazione a 20 donne \u201csfollate\u201d di animali di piccola taglia (mucche, capre, galline ecc) da destinare all\u2019allevamento per la produzione di uova, latte o per la riproduzione.<\/strong><\/em><\/p>\n<\/div>\n\n\n\n<div class=\"wp-block-column is-layout-flow wp-block-column-is-layout-flow\">\n<p class=\"has-white-color has-text-color\" style=\"padding-top:var(--wp--preset--spacing--50);padding-right:var(--wp--preset--spacing--30);padding-bottom:var(--wp--preset--spacing--50);padding-left:var(--wp--preset--spacing--30)\"><strong>L\u2019attivit\u00e0 di allevamento<\/strong> rappresenter\u00e0 per le donne \u201csfollate\u201d una forma di autosostentamento familiare e\/o di piccola attivit\u00e0 generatrice di reddito senza impattare su nuove disponibilit\u00e0 di terreni che avrebbe come effetto quello di alterare i fragili rapporti con la popolazione locale gi\u00e0 profondamente toccata dalle carestie persistenti.<\/p>\n<\/div>\n<\/div>\n\n\n\n<div style=\"height:100px\" aria-hidden=\"true\" class=\"wp-block-spacer\"><\/div>\n\n\n\n<figure class=\"wp-block-gallery has-nested-images columns-default is-cropped wp-block-gallery-1 is-layout-flex wp-block-gallery-is-layout-flex\">\n<figure class=\"wp-block-image size-large\"><a href=\"https:\/\/www.diocesilucca.it\/missioni\/wp-content\/uploads\/sites\/7\/2025\/03\/B33I3718-scaled.jpg\"><img loading=\"lazy\" decoding=\"async\" width=\"1024\" height=\"683\" data-id=\"1829\" src=\"https:\/\/www.diocesilucca.it\/missioni\/wp-content\/uploads\/sites\/7\/2025\/03\/B33I3718-1024x683.jpg\" alt=\"\" class=\"wp-image-1829\" srcset=\"https:\/\/www.diocesilucca.it\/missioni\/wp-content\/uploads\/sites\/7\/2025\/03\/B33I3718-1024x683.jpg 1024w, https:\/\/www.diocesilucca.it\/missioni\/wp-content\/uploads\/sites\/7\/2025\/03\/B33I3718-300x200.jpg 300w, https:\/\/www.diocesilucca.it\/missioni\/wp-content\/uploads\/sites\/7\/2025\/03\/B33I3718-768x512.jpg 768w, https:\/\/www.diocesilucca.it\/missioni\/wp-content\/uploads\/sites\/7\/2025\/03\/B33I3718-1536x1024.jpg 1536w, https:\/\/www.diocesilucca.it\/missioni\/wp-content\/uploads\/sites\/7\/2025\/03\/B33I3718-2048x1365.jpg 2048w\" sizes=\"auto, (max-width: 1024px) 100vw, 1024px\" \/><\/a><figcaption class=\"wp-element-caption\">Foto di Francesco Malavolta (2025)<\/figcaption><\/figure>\n\n\n\n<figure class=\"wp-block-image size-large\"><a href=\"https:\/\/www.diocesilucca.it\/missioni\/wp-content\/uploads\/sites\/7\/2025\/03\/B33I3720-scaled.jpg\"><img loading=\"lazy\" decoding=\"async\" width=\"1024\" height=\"683\" data-id=\"1830\" src=\"https:\/\/www.diocesilucca.it\/missioni\/wp-content\/uploads\/sites\/7\/2025\/03\/B33I3720-1024x683.jpg\" alt=\"\" class=\"wp-image-1830\" srcset=\"https:\/\/www.diocesilucca.it\/missioni\/wp-content\/uploads\/sites\/7\/2025\/03\/B33I3720-1024x683.jpg 1024w, https:\/\/www.diocesilucca.it\/missioni\/wp-content\/uploads\/sites\/7\/2025\/03\/B33I3720-300x200.jpg 300w, https:\/\/www.diocesilucca.it\/missioni\/wp-content\/uploads\/sites\/7\/2025\/03\/B33I3720-768x512.jpg 768w, https:\/\/www.diocesilucca.it\/missioni\/wp-content\/uploads\/sites\/7\/2025\/03\/B33I3720-1536x1024.jpg 1536w, https:\/\/www.diocesilucca.it\/missioni\/wp-content\/uploads\/sites\/7\/2025\/03\/B33I3720-2048x1365.jpg 2048w\" sizes=\"auto, (max-width: 1024px) 100vw, 1024px\" \/><\/a><figcaption class=\"wp-element-caption\">Foto di Francesco Malavolta (2025)<\/figcaption><\/figure>\n\n\n\n<figure class=\"wp-block-image size-large\"><a href=\"https:\/\/www.diocesilucca.it\/missioni\/wp-content\/uploads\/sites\/7\/2025\/03\/B33I3750-scaled.jpg\"><img loading=\"lazy\" decoding=\"async\" width=\"1024\" height=\"683\" data-id=\"1832\" src=\"https:\/\/www.diocesilucca.it\/missioni\/wp-content\/uploads\/sites\/7\/2025\/03\/B33I3750-1024x683.jpg\" alt=\"\" class=\"wp-image-1832\" srcset=\"https:\/\/www.diocesilucca.it\/missioni\/wp-content\/uploads\/sites\/7\/2025\/03\/B33I3750-1024x683.jpg 1024w, https:\/\/www.diocesilucca.it\/missioni\/wp-content\/uploads\/sites\/7\/2025\/03\/B33I3750-300x200.jpg 300w, https:\/\/www.diocesilucca.it\/missioni\/wp-content\/uploads\/sites\/7\/2025\/03\/B33I3750-768x512.jpg 768w, https:\/\/www.diocesilucca.it\/missioni\/wp-content\/uploads\/sites\/7\/2025\/03\/B33I3750-1536x1024.jpg 1536w, https:\/\/www.diocesilucca.it\/missioni\/wp-content\/uploads\/sites\/7\/2025\/03\/B33I3750-2048x1365.jpg 2048w\" sizes=\"auto, (max-width: 1024px) 100vw, 1024px\" \/><\/a><figcaption class=\"wp-element-caption\">Foto di Francesco Malavolta (2025)<\/figcaption><\/figure>\n\n\n\n<figure class=\"wp-block-image size-large\"><a href=\"https:\/\/www.diocesilucca.it\/missioni\/wp-content\/uploads\/sites\/7\/2025\/03\/B33I3777-scaled.jpg\"><img loading=\"lazy\" decoding=\"async\" width=\"1024\" height=\"683\" data-id=\"1831\" src=\"https:\/\/www.diocesilucca.it\/missioni\/wp-content\/uploads\/sites\/7\/2025\/03\/B33I3777-1024x683.jpg\" alt=\"\" class=\"wp-image-1831\" srcset=\"https:\/\/www.diocesilucca.it\/missioni\/wp-content\/uploads\/sites\/7\/2025\/03\/B33I3777-1024x683.jpg 1024w, https:\/\/www.diocesilucca.it\/missioni\/wp-content\/uploads\/sites\/7\/2025\/03\/B33I3777-300x200.jpg 300w, https:\/\/www.diocesilucca.it\/missioni\/wp-content\/uploads\/sites\/7\/2025\/03\/B33I3777-768x512.jpg 768w, https:\/\/www.diocesilucca.it\/missioni\/wp-content\/uploads\/sites\/7\/2025\/03\/B33I3777-1536x1024.jpg 1536w, https:\/\/www.diocesilucca.it\/missioni\/wp-content\/uploads\/sites\/7\/2025\/03\/B33I3777-2048x1365.jpg 2048w\" sizes=\"auto, (max-width: 1024px) 100vw, 1024px\" \/><\/a><figcaption class=\"wp-element-caption\">Foto di Francesco Malavolta (2025)<\/figcaption><\/figure>\n\n\n\n<figure class=\"wp-block-image size-large\"><a href=\"https:\/\/www.diocesilucca.it\/missioni\/wp-content\/uploads\/sites\/7\/2025\/03\/B33I4121-scaled.jpg\"><img loading=\"lazy\" decoding=\"async\" width=\"1024\" height=\"683\" data-id=\"1833\" src=\"https:\/\/www.diocesilucca.it\/missioni\/wp-content\/uploads\/sites\/7\/2025\/03\/B33I4121-1024x683.jpg\" alt=\"\" class=\"wp-image-1833\" srcset=\"https:\/\/www.diocesilucca.it\/missioni\/wp-content\/uploads\/sites\/7\/2025\/03\/B33I4121-1024x683.jpg 1024w, https:\/\/www.diocesilucca.it\/missioni\/wp-content\/uploads\/sites\/7\/2025\/03\/B33I4121-300x200.jpg 300w, https:\/\/www.diocesilucca.it\/missioni\/wp-content\/uploads\/sites\/7\/2025\/03\/B33I4121-768x512.jpg 768w, https:\/\/www.diocesilucca.it\/missioni\/wp-content\/uploads\/sites\/7\/2025\/03\/B33I4121-1536x1024.jpg 1536w, https:\/\/www.diocesilucca.it\/missioni\/wp-content\/uploads\/sites\/7\/2025\/03\/B33I4121-2048x1365.jpg 2048w\" sizes=\"auto, (max-width: 1024px) 100vw, 1024px\" \/><\/a><figcaption class=\"wp-element-caption\">Foto di Francesco Malavolta (2025)<\/figcaption><\/figure>\n\n\n\n<figure class=\"wp-block-image size-large\"><a href=\"https:\/\/www.diocesilucca.it\/missioni\/wp-content\/uploads\/sites\/7\/2025\/03\/B33I4172-scaled.jpg\"><img loading=\"lazy\" decoding=\"async\" width=\"1024\" height=\"683\" data-id=\"1834\" src=\"https:\/\/www.diocesilucca.it\/missioni\/wp-content\/uploads\/sites\/7\/2025\/03\/B33I4172-1024x683.jpg\" alt=\"\" class=\"wp-image-1834\" srcset=\"https:\/\/www.diocesilucca.it\/missioni\/wp-content\/uploads\/sites\/7\/2025\/03\/B33I4172-1024x683.jpg 1024w, https:\/\/www.diocesilucca.it\/missioni\/wp-content\/uploads\/sites\/7\/2025\/03\/B33I4172-300x200.jpg 300w, https:\/\/www.diocesilucca.it\/missioni\/wp-content\/uploads\/sites\/7\/2025\/03\/B33I4172-768x512.jpg 768w, https:\/\/www.diocesilucca.it\/missioni\/wp-content\/uploads\/sites\/7\/2025\/03\/B33I4172-1536x1024.jpg 1536w, https:\/\/www.diocesilucca.it\/missioni\/wp-content\/uploads\/sites\/7\/2025\/03\/B33I4172-2048x1365.jpg 2048w\" sizes=\"auto, (max-width: 1024px) 100vw, 1024px\" \/><\/a><figcaption class=\"wp-element-caption\">Foto di Francesco Malavolta (2025)<\/figcaption><\/figure>\n<\/figure>\n","protected":false},"excerpt":{"rendered":"<p>Analisi di contesto Il Burkina Faso vive una grave crisi umanitaria, con oltre un quarto della sua popolazione che necessita di assistenza umanitaria. Secondo un nuovo rapporto del Consiglio Norvegese per i Rifugiati (NRC), per il secondo anno consecutivo, la<\/p>\n","protected":false},"author":15,"featured_media":0,"parent":0,"menu_order":0,"comment_status":"closed","ping_status":"closed","template":"","meta":{"footnotes":""},"class_list":["post-1221","page","type-page","status-publish","hentry"],"_links":{"self":[{"href":"https:\/\/www.diocesilucca.it\/missioni\/wp-json\/wp\/v2\/pages\/1221","targetHints":{"allow":["GET"]}}],"collection":[{"href":"https:\/\/www.diocesilucca.it\/missioni\/wp-json\/wp\/v2\/pages"}],"about":[{"href":"https:\/\/www.diocesilucca.it\/missioni\/wp-json\/wp\/v2\/types\/page"}],"author":[{"embeddable":true,"href":"https:\/\/www.diocesilucca.it\/missioni\/wp-json\/wp\/v2\/users\/15"}],"replies":[{"embeddable":true,"href":"https:\/\/www.diocesilucca.it\/missioni\/wp-json\/wp\/v2\/comments?post=1221"}],"version-history":[{"count":37,"href":"https:\/\/www.diocesilucca.it\/missioni\/wp-json\/wp\/v2\/pages\/1221\/revisions"}],"predecessor-version":[{"id":2084,"href":"https:\/\/www.diocesilucca.it\/missioni\/wp-json\/wp\/v2\/pages\/1221\/revisions\/2084"}],"wp:attachment":[{"href":"https:\/\/www.diocesilucca.it\/missioni\/wp-json\/wp\/v2\/media?parent=1221"}],"curies":[{"name":"wp","href":"https:\/\/api.w.org\/{rel}","templated":true}]}}