{"id":1043,"date":"2021-10-04T14:41:18","date_gmt":"2021-10-04T12:41:18","guid":{"rendered":"https:\/\/www.diocesilucca.it\/missioni\/?page_id=1043"},"modified":"2026-03-13T11:14:16","modified_gmt":"2026-03-13T10:14:16","slug":"poche-briciole-2","status":"publish","type":"page","link":"https:\/\/www.diocesilucca.it\/missioni\/poche-briciole-2\/","title":{"rendered":"Poche briciole"},"content":{"rendered":"\n<div class=\"wp-block-cover alignfull is-light\"><img loading=\"lazy\" decoding=\"async\" width=\"2560\" height=\"1707\" class=\"wp-block-cover__image-background wp-image-1269\" alt=\"\" src=\"https:\/\/www.diocesilucca.it\/missioni\/wp-content\/uploads\/sites\/7\/2021\/11\/L1040111-scaled.jpg\" data-object-fit=\"cover\" srcset=\"https:\/\/www.diocesilucca.it\/missioni\/wp-content\/uploads\/sites\/7\/2021\/11\/L1040111-scaled.jpg 2560w, https:\/\/www.diocesilucca.it\/missioni\/wp-content\/uploads\/sites\/7\/2021\/11\/L1040111-300x200.jpg 300w, https:\/\/www.diocesilucca.it\/missioni\/wp-content\/uploads\/sites\/7\/2021\/11\/L1040111-1024x683.jpg 1024w, https:\/\/www.diocesilucca.it\/missioni\/wp-content\/uploads\/sites\/7\/2021\/11\/L1040111-768x512.jpg 768w, https:\/\/www.diocesilucca.it\/missioni\/wp-content\/uploads\/sites\/7\/2021\/11\/L1040111-1536x1024.jpg 1536w, https:\/\/www.diocesilucca.it\/missioni\/wp-content\/uploads\/sites\/7\/2021\/11\/L1040111-2048x1365.jpg 2048w\" sizes=\"auto, (max-width: 2560px) 100vw, 2560px\" \/><span aria-hidden=\"true\" class=\"wp-block-cover__background has-background-dim\"><\/span><div class=\"wp-block-cover__inner-container is-layout-flow wp-block-cover-is-layout-flow\">\n<h2 class=\"wp-block-heading has-text-align-center has-white-color has-text-color has-link-color has-large-font-size wp-elements-a792af69ba217a755269e718fe1e3ca8\"> <strong><em>Poche briciole <\/em><\/strong> <\/h2>\n\n\n\n<h2 class=\"wp-block-heading has-text-align-center has-luminous-vivid-amber-color has-text-color has-medium-font-size\"> <strong>Lotta alla malnutrizione e alla mortalit\u00e0 materno-infantile <\/strong><\/h2>\n<\/div><\/div>\n\n\n\n<div style=\"height:56px\" aria-hidden=\"true\" class=\"wp-block-spacer\"><\/div>\n\n\n\n<h2 class=\"wp-block-heading\">Progetto in collaborazione con Associazione Amani Nyayo<\/h2>\n\n\n\n<div style=\"height:70px\" aria-hidden=\"true\" class=\"wp-block-spacer\"><\/div>\n\n\n\n<p style=\"padding-top:0;padding-bottom:0;line-height:2.3\">Il <strong>Centro sanitario di promozione sociale (C.S.P.S) <\/strong>San Martin de Pourres \u00e8 un Centro di salute e promozione sociale gestito dalle Suore domenicane nel comune di Tougour\u00ec a circa 170 Km dalla capitale Ouagadougou nella provincia di Namentenga, regione Centro nord del Burkina Faso.<br>Il <strong>CSPS<\/strong> copre una popolazione complessiva di circa 5809 abitanti coprendo un \u2018area che si estende su 5 villaggi: <strong>Pilga<\/strong> (15 km), <strong>Kombangmbedo <\/strong>(15 km); <strong>Gaoundy<\/strong> (15 km); <strong>Boulhiba<\/strong> (15 km); <strong>Paspanga<\/strong> (20 km).<\/p>\n\n\n\n<div style=\"height:66px\" aria-hidden=\"true\" class=\"wp-block-spacer\"><\/div>\n\n\n\n<div class=\"wp-block-columns has-white-color has-luminous-vivid-amber-background-color has-text-color has-background has-link-color wp-elements-c34519ff5c2520903e1a3c96d8036bea is-layout-flex wp-container-core-columns-is-layout-28f84493 wp-block-columns-is-layout-flex\">\n<div class=\"wp-block-column is-vertically-aligned-center is-layout-flow wp-block-column-is-layout-flow\">\n<p style=\"margin-top:0;margin-right:var(--wp--preset--spacing--80);margin-bottom:0;margin-left:var(--wp--preset--spacing--80)\">CONTESTO<\/p>\n<\/div>\n\n\n\n<div class=\"wp-block-column is-layout-flow wp-block-column-is-layout-flow\">\n<p class=\"has-text-align-left\" style=\"margin-top:var(--wp--preset--spacing--30);margin-right:var(--wp--preset--spacing--50);margin-bottom:var(--wp--preset--spacing--30);margin-left:var(--wp--preset--spacing--50)\">L\u2019area nel nord del paese \u00e8 destabilizzata da frange terroristiche che creano un clima di paura, minacciano interi villaggi e rendono impossibile il raggiungimento dei villaggi pi\u00f9 distanti. In questi ultimi due anni l\u2019attivit\u00e0 di sensibilizzazione e di vaccinazione \u00e8 avvenuta nei pressi del CSPS dietro la supervisione dell\u2019agente itinerante di salute Lucienne Ilboudo.<\/p>\n<\/div>\n<\/div>\n\n\n\n<p style=\"border-style:none;border-width:0px;margin-top:var(--wp--preset--spacing--50);margin-right:0;margin-bottom:var(--wp--preset--spacing--50);margin-left:0\"><strong>GESTIONE STRUTTURA:<\/strong> Suore domenicane della carit\u00e0 della parrocchia di Tougour\u00ec (Burkina Faso)<\/p>\n\n\n\n<div class=\"wp-block-group has-white-background-color has-background is-layout-flow wp-block-group-is-layout-flow\">\n<div class=\"wp-block-columns alignwide is-layout-flex wp-container-core-columns-is-layout-28f84493 wp-block-columns-is-layout-flex\">\n<div class=\"wp-block-column is-layout-flow wp-block-column-is-layout-flow\">\n<p class=\"has-black-color has-text-color\"><\/p>\n\n\n\n<div class=\"wp-block-columns is-layout-flex wp-container-core-columns-is-layout-28f84493 wp-block-columns-is-layout-flex\">\n<div class=\"wp-block-column is-layout-flow wp-block-column-is-layout-flow\">\n<p><strong>Ogni bambino nuovo nato ha<\/strong> <strong>ricevuto come vaccino contro la tubercolosi il BCG. <\/strong>I bambini da 2 a 59 mesi hanno ricevuto il vaccino contro la difterite, il tetano, la pertosse, l\u2019epatite, il morbillo, la meningite, la rosolia cadenzati a seconda del mese.<\/p>\n<\/div>\n\n\n\n<div class=\"wp-block-column is-layout-flow wp-block-column-is-layout-flow\">\n<p>Ogni campagna di vaccinazione \u00e8 preceduta da una \u201criunione\u201d tra le diverse donne del villaggio al fine di sensibilizzare e informare circa le principali malattie quali: la meningite, la tubercolosi, la difterite, la pertosse, l\u2019epatite, la rosolia e le malattie diarroiche.<\/p>\n<\/div>\n<\/div>\n\n\n\n<p class=\"has-black-color has-text-color\"><\/p>\n<\/div>\n<\/div>\n\n\n\n<div class=\"wp-block-media-text is-stacked-on-mobile\" style=\"grid-template-columns:45% auto\"><figure class=\"wp-block-media-text__media\"><img loading=\"lazy\" decoding=\"async\" width=\"683\" height=\"1024\" src=\"https:\/\/www.diocesilucca.it\/missioni\/wp-content\/uploads\/sites\/7\/2021\/10\/B33I1508-Copia-683x1024.jpg\" alt=\"\" class=\"wp-image-1060 size-full\" srcset=\"https:\/\/www.diocesilucca.it\/missioni\/wp-content\/uploads\/sites\/7\/2021\/10\/B33I1508-Copia-683x1024.jpg 683w, https:\/\/www.diocesilucca.it\/missioni\/wp-content\/uploads\/sites\/7\/2021\/10\/B33I1508-Copia-200x300.jpg 200w, https:\/\/www.diocesilucca.it\/missioni\/wp-content\/uploads\/sites\/7\/2021\/10\/B33I1508-Copia-768x1152.jpg 768w, https:\/\/www.diocesilucca.it\/missioni\/wp-content\/uploads\/sites\/7\/2021\/10\/B33I1508-Copia-1024x1536.jpg 1024w, https:\/\/www.diocesilucca.it\/missioni\/wp-content\/uploads\/sites\/7\/2021\/10\/B33I1508-Copia-1365x2048.jpg 1365w, https:\/\/www.diocesilucca.it\/missioni\/wp-content\/uploads\/sites\/7\/2021\/10\/B33I1508-Copia-scaled.jpg 1707w\" sizes=\"auto, (max-width: 683px) 100vw, 683px\" \/><\/figure><div class=\"wp-block-media-text__content\">\n<p class=\"has-text-align-right has-black-color has-text-color\"><strong>Il Centro sanitario di promozione sociale (C.S.P.S)<\/strong> gestito dalle suore domenicane della carit\u00e0 della parrocchia di Tougour\u00ec (Burkina Faso) \u00e8 impegnato nella lotta alla mortalit\u00e0 materno-infantile, nella consultazione in fase gestazionale e post-natale e nella lotta alla malnutrizione, con particolare attenzione alla fascia 0-5 anni.<br>Nel 2020 le consultazioni hanno superato la soglia dei<strong> 4.444 presenze<\/strong> cui si aggiungono le circa <strong>301 consulenze<\/strong> <strong>pre e post nascita<\/strong>.<br>Nel primo semestre del 2021 le consultazioni hanno raggiunto quota <strong>1.982<\/strong> unitamente alle <strong>143 consulenze<\/strong> pre e post nascita.<br>La riduzione del numero dei pazienti in visita \u00e8 dovuto a due ordini di motivi:<\/p>\n\n\n\n<p class=\"has-text-align-right has-black-color has-text-color\">\u2981 La gratuit\u00e0 delle cure mediche da parte dello Stato rivolte ai bambini sotto i 5 anni e alle donne incinte;<br>\u2981 Gli attacchi terroristici che imperversano nel nord del paese e l\u2019emergenza covid che limitano gli spostamenti<\/p>\n\n\n\n<p class=\"has-text-align-right has-black-color has-text-color\">Attualmente \u00e8 importante garantire una maggiore efficienza\/continuit\u00e0 del servizio attraverso:<\/p>\n\n\n\n<p class=\"has-text-align-right has-black-color has-text-color\">\u2981 l\u2019acquisto di un gruppo elettrogeno,<br>\u2981 la retribuzione del personale infermieristico.<\/p>\n<\/div><\/div>\n\n\n\n<div style=\"height:74px\" aria-hidden=\"true\" class=\"wp-block-spacer\"><\/div>\n\n\n\n<p class=\"has-text-align-center has-luminous-vivid-orange-color has-text-color has-medium-font-size\"><strong>Dati dell\u2019accoglienza all\u2019interno del CSPS di Tougour\u00ec dal 2011 al primo semestre 2021:<\/strong><\/p>\n\n\n\n<figure class=\"wp-block-table is-style-stripes\"><table><tbody><tr><td class=\"has-text-align-center\" data-align=\"center\">\u2981 3.014 (di cui 1.273 da 0 a 4 anni) per l\u2019anno 2011<br><br>\u2981 5.808 (di cui 2.804 da 0 a 4 anni) per l\u2019anno 2012<br><br>\u2981 6.024 (di cui 2.794 da 0 a 4 anni) per l\u2019anno 2013<br><br>\u2981 5.478 (di cui 2.243 da 0 a 4 anni) per l\u2019anno 2014<br><br>\u2981 5.981 (di cui 2.427 da 0 a 4 anni) per l\u2019anno 2015<br><br>\u2981 5.461 (di cui 1946 da 0 a 4 anni) per l\u2019anno 2016<br><br>\u2981 5.070 (di cui 1630 da 0 a 4 anni) per l\u2019anno 2017<br><br>\u2981 6.599 (di cui 2.152 da o a 4 anni) per l\u2019anno 2018<br><br>\u2981 5.333 (di cui 1.617 da 0 a 4 anni) per l\u2019anno 2019<br><br>\u2981 4.444 ( di cui 1242 da 0 a 4 anni) per l\u2019anno 2020<br><br>\u2981 1.982 ( di cui 626 da 0 a 4 anni) per il 1\u00b0semestre 2021<\/td><\/tr><\/tbody><\/table><\/figure>\n\n\n\n<figure class=\"wp-block-gallery has-nested-images columns-default is-cropped wp-block-gallery-1 is-layout-flex wp-block-gallery-is-layout-flex\">\n<figure class=\"wp-block-image size-large\"><a href=\"https:\/\/www.diocesilucca.it\/missioni\/wp-content\/uploads\/sites\/7\/2021\/10\/B33I1136-Copia-scaled.jpg\"><img loading=\"lazy\" decoding=\"async\" width=\"1024\" height=\"683\" data-id=\"1049\" src=\"https:\/\/www.diocesilucca.it\/missioni\/wp-content\/uploads\/sites\/7\/2021\/10\/B33I1136-Copia-1024x683.jpg\" alt=\"\" class=\"wp-image-1049\" srcset=\"https:\/\/www.diocesilucca.it\/missioni\/wp-content\/uploads\/sites\/7\/2021\/10\/B33I1136-Copia-1024x683.jpg 1024w, https:\/\/www.diocesilucca.it\/missioni\/wp-content\/uploads\/sites\/7\/2021\/10\/B33I1136-Copia-300x200.jpg 300w, https:\/\/www.diocesilucca.it\/missioni\/wp-content\/uploads\/sites\/7\/2021\/10\/B33I1136-Copia-768x512.jpg 768w, https:\/\/www.diocesilucca.it\/missioni\/wp-content\/uploads\/sites\/7\/2021\/10\/B33I1136-Copia-1536x1024.jpg 1536w, https:\/\/www.diocesilucca.it\/missioni\/wp-content\/uploads\/sites\/7\/2021\/10\/B33I1136-Copia-2048x1365.jpg 2048w\" sizes=\"auto, (max-width: 1024px) 100vw, 1024px\" \/><\/a><\/figure>\n\n\n\n<figure class=\"wp-block-image size-large\"><a href=\"https:\/\/www.diocesilucca.it\/missioni\/wp-content\/uploads\/sites\/7\/2021\/10\/B33I1188-Copia-scaled.jpg\"><img loading=\"lazy\" decoding=\"async\" width=\"1024\" height=\"683\" data-id=\"1050\" src=\"https:\/\/www.diocesilucca.it\/missioni\/wp-content\/uploads\/sites\/7\/2021\/10\/B33I1188-Copia-1024x683.jpg\" alt=\"\" class=\"wp-image-1050\" srcset=\"https:\/\/www.diocesilucca.it\/missioni\/wp-content\/uploads\/sites\/7\/2021\/10\/B33I1188-Copia-1024x683.jpg 1024w, https:\/\/www.diocesilucca.it\/missioni\/wp-content\/uploads\/sites\/7\/2021\/10\/B33I1188-Copia-300x200.jpg 300w, https:\/\/www.diocesilucca.it\/missioni\/wp-content\/uploads\/sites\/7\/2021\/10\/B33I1188-Copia-768x512.jpg 768w, https:\/\/www.diocesilucca.it\/missioni\/wp-content\/uploads\/sites\/7\/2021\/10\/B33I1188-Copia-1536x1024.jpg 1536w, https:\/\/www.diocesilucca.it\/missioni\/wp-content\/uploads\/sites\/7\/2021\/10\/B33I1188-Copia-2048x1365.jpg 2048w\" sizes=\"auto, (max-width: 1024px) 100vw, 1024px\" \/><\/a><\/figure>\n\n\n\n<figure class=\"wp-block-image size-large\"><a href=\"https:\/\/www.diocesilucca.it\/missioni\/wp-content\/uploads\/sites\/7\/2021\/10\/B33I1225-Copia-scaled.jpg\"><img loading=\"lazy\" decoding=\"async\" width=\"1024\" height=\"683\" data-id=\"1053\" src=\"https:\/\/www.diocesilucca.it\/missioni\/wp-content\/uploads\/sites\/7\/2021\/10\/B33I1225-Copia-1024x683.jpg\" alt=\"\" class=\"wp-image-1053\" srcset=\"https:\/\/www.diocesilucca.it\/missioni\/wp-content\/uploads\/sites\/7\/2021\/10\/B33I1225-Copia-1024x683.jpg 1024w, https:\/\/www.diocesilucca.it\/missioni\/wp-content\/uploads\/sites\/7\/2021\/10\/B33I1225-Copia-300x200.jpg 300w, https:\/\/www.diocesilucca.it\/missioni\/wp-content\/uploads\/sites\/7\/2021\/10\/B33I1225-Copia-768x512.jpg 768w, https:\/\/www.diocesilucca.it\/missioni\/wp-content\/uploads\/sites\/7\/2021\/10\/B33I1225-Copia-1536x1024.jpg 1536w, https:\/\/www.diocesilucca.it\/missioni\/wp-content\/uploads\/sites\/7\/2021\/10\/B33I1225-Copia-2048x1365.jpg 2048w\" sizes=\"auto, (max-width: 1024px) 100vw, 1024px\" \/><\/a><\/figure>\n\n\n\n<figure class=\"wp-block-image size-large\"><a href=\"https:\/\/www.diocesilucca.it\/missioni\/wp-content\/uploads\/sites\/7\/2021\/10\/B33I1257-Copia-scaled.jpg\"><img loading=\"lazy\" decoding=\"async\" width=\"1024\" height=\"683\" data-id=\"1055\" src=\"https:\/\/www.diocesilucca.it\/missioni\/wp-content\/uploads\/sites\/7\/2021\/10\/B33I1257-Copia-1024x683.jpg\" alt=\"\" class=\"wp-image-1055\" srcset=\"https:\/\/www.diocesilucca.it\/missioni\/wp-content\/uploads\/sites\/7\/2021\/10\/B33I1257-Copia-1024x683.jpg 1024w, https:\/\/www.diocesilucca.it\/missioni\/wp-content\/uploads\/sites\/7\/2021\/10\/B33I1257-Copia-300x200.jpg 300w, https:\/\/www.diocesilucca.it\/missioni\/wp-content\/uploads\/sites\/7\/2021\/10\/B33I1257-Copia-768x512.jpg 768w, https:\/\/www.diocesilucca.it\/missioni\/wp-content\/uploads\/sites\/7\/2021\/10\/B33I1257-Copia-1536x1024.jpg 1536w, https:\/\/www.diocesilucca.it\/missioni\/wp-content\/uploads\/sites\/7\/2021\/10\/B33I1257-Copia-2048x1365.jpg 2048w\" sizes=\"auto, (max-width: 1024px) 100vw, 1024px\" \/><\/a><\/figure>\n\n\n\n<figure class=\"wp-block-image size-large\"><a href=\"https:\/\/www.diocesilucca.it\/missioni\/wp-content\/uploads\/sites\/7\/2021\/10\/B33I1258-Copia-scaled.jpg\"><img loading=\"lazy\" decoding=\"async\" width=\"1024\" height=\"683\" data-id=\"1057\" src=\"https:\/\/www.diocesilucca.it\/missioni\/wp-content\/uploads\/sites\/7\/2021\/10\/B33I1258-Copia-1024x683.jpg\" alt=\"\" class=\"wp-image-1057\" srcset=\"https:\/\/www.diocesilucca.it\/missioni\/wp-content\/uploads\/sites\/7\/2021\/10\/B33I1258-Copia-1024x683.jpg 1024w, https:\/\/www.diocesilucca.it\/missioni\/wp-content\/uploads\/sites\/7\/2021\/10\/B33I1258-Copia-300x200.jpg 300w, https:\/\/www.diocesilucca.it\/missioni\/wp-content\/uploads\/sites\/7\/2021\/10\/B33I1258-Copia-768x512.jpg 768w, https:\/\/www.diocesilucca.it\/missioni\/wp-content\/uploads\/sites\/7\/2021\/10\/B33I1258-Copia-1536x1024.jpg 1536w, https:\/\/www.diocesilucca.it\/missioni\/wp-content\/uploads\/sites\/7\/2021\/10\/B33I1258-Copia-2048x1365.jpg 2048w\" sizes=\"auto, (max-width: 1024px) 100vw, 1024px\" \/><\/a><\/figure>\n\n\n\n<figure class=\"wp-block-image size-large\"><a href=\"https:\/\/www.diocesilucca.it\/missioni\/wp-content\/uploads\/sites\/7\/2021\/10\/B33I1490_edited-Copia-scaled.jpg\"><img loading=\"lazy\" decoding=\"async\" width=\"1024\" height=\"683\" data-id=\"1058\" src=\"https:\/\/www.diocesilucca.it\/missioni\/wp-content\/uploads\/sites\/7\/2021\/10\/B33I1490_edited-Copia-1024x683.jpg\" alt=\"\" class=\"wp-image-1058\" srcset=\"https:\/\/www.diocesilucca.it\/missioni\/wp-content\/uploads\/sites\/7\/2021\/10\/B33I1490_edited-Copia-1024x683.jpg 1024w, https:\/\/www.diocesilucca.it\/missioni\/wp-content\/uploads\/sites\/7\/2021\/10\/B33I1490_edited-Copia-300x200.jpg 300w, https:\/\/www.diocesilucca.it\/missioni\/wp-content\/uploads\/sites\/7\/2021\/10\/B33I1490_edited-Copia-768x512.jpg 768w, https:\/\/www.diocesilucca.it\/missioni\/wp-content\/uploads\/sites\/7\/2021\/10\/B33I1490_edited-Copia-1536x1024.jpg 1536w, https:\/\/www.diocesilucca.it\/missioni\/wp-content\/uploads\/sites\/7\/2021\/10\/B33I1490_edited-Copia-2048x1366.jpg 2048w\" sizes=\"auto, (max-width: 1024px) 100vw, 1024px\" \/><\/a><\/figure>\n\n\n\n<figure class=\"wp-block-image size-large\"><a href=\"https:\/\/www.diocesilucca.it\/missioni\/wp-content\/uploads\/sites\/7\/2021\/10\/B33I1492-Copia-scaled.jpg\"><img loading=\"lazy\" decoding=\"async\" width=\"1024\" height=\"683\" data-id=\"1059\" src=\"https:\/\/www.diocesilucca.it\/missioni\/wp-content\/uploads\/sites\/7\/2021\/10\/B33I1492-Copia-1024x683.jpg\" alt=\"\" class=\"wp-image-1059\" srcset=\"https:\/\/www.diocesilucca.it\/missioni\/wp-content\/uploads\/sites\/7\/2021\/10\/B33I1492-Copia-1024x683.jpg 1024w, https:\/\/www.diocesilucca.it\/missioni\/wp-content\/uploads\/sites\/7\/2021\/10\/B33I1492-Copia-300x200.jpg 300w, https:\/\/www.diocesilucca.it\/missioni\/wp-content\/uploads\/sites\/7\/2021\/10\/B33I1492-Copia-768x512.jpg 768w, https:\/\/www.diocesilucca.it\/missioni\/wp-content\/uploads\/sites\/7\/2021\/10\/B33I1492-Copia-1536x1024.jpg 1536w, https:\/\/www.diocesilucca.it\/missioni\/wp-content\/uploads\/sites\/7\/2021\/10\/B33I1492-Copia-2048x1365.jpg 2048w\" sizes=\"auto, (max-width: 1024px) 100vw, 1024px\" \/><\/a><\/figure>\n\n\n\n<figure class=\"wp-block-image size-large\"><a href=\"https:\/\/www.diocesilucca.it\/missioni\/wp-content\/uploads\/sites\/7\/2021\/10\/B33I1546-Copia-scaled.jpg\"><img loading=\"lazy\" decoding=\"async\" width=\"1024\" height=\"683\" data-id=\"1061\" src=\"https:\/\/www.diocesilucca.it\/missioni\/wp-content\/uploads\/sites\/7\/2021\/10\/B33I1546-Copia-1024x683.jpg\" alt=\"\" class=\"wp-image-1061\" srcset=\"https:\/\/www.diocesilucca.it\/missioni\/wp-content\/uploads\/sites\/7\/2021\/10\/B33I1546-Copia-1024x683.jpg 1024w, https:\/\/www.diocesilucca.it\/missioni\/wp-content\/uploads\/sites\/7\/2021\/10\/B33I1546-Copia-300x200.jpg 300w, https:\/\/www.diocesilucca.it\/missioni\/wp-content\/uploads\/sites\/7\/2021\/10\/B33I1546-Copia-768x512.jpg 768w, https:\/\/www.diocesilucca.it\/missioni\/wp-content\/uploads\/sites\/7\/2021\/10\/B33I1546-Copia-1536x1024.jpg 1536w, https:\/\/www.diocesilucca.it\/missioni\/wp-content\/uploads\/sites\/7\/2021\/10\/B33I1546-Copia-2048x1365.jpg 2048w\" sizes=\"auto, (max-width: 1024px) 100vw, 1024px\" \/><\/a><\/figure>\n<\/figure>\n<\/div>\n","protected":false},"excerpt":{"rendered":"<p>Progetto in collaborazione con Associazione Amani Nyayo Il Centro sanitario di promozione sociale (C.S.P.S) San Martin de Pourres \u00e8 un Centro di salute e promozione sociale gestito dalle Suore domenicane nel comune di Tougour\u00ec a circa 170 Km dalla capitale<\/p>\n","protected":false},"author":15,"featured_media":0,"parent":0,"menu_order":0,"comment_status":"closed","ping_status":"closed","template":"","meta":{"footnotes":""},"class_list":["post-1043","page","type-page","status-publish","hentry"],"_links":{"self":[{"href":"https:\/\/www.diocesilucca.it\/missioni\/wp-json\/wp\/v2\/pages\/1043","targetHints":{"allow":["GET"]}}],"collection":[{"href":"https:\/\/www.diocesilucca.it\/missioni\/wp-json\/wp\/v2\/pages"}],"about":[{"href":"https:\/\/www.diocesilucca.it\/missioni\/wp-json\/wp\/v2\/types\/page"}],"author":[{"embeddable":true,"href":"https:\/\/www.diocesilucca.it\/missioni\/wp-json\/wp\/v2\/users\/15"}],"replies":[{"embeddable":true,"href":"https:\/\/www.diocesilucca.it\/missioni\/wp-json\/wp\/v2\/comments?post=1043"}],"version-history":[{"count":15,"href":"https:\/\/www.diocesilucca.it\/missioni\/wp-json\/wp\/v2\/pages\/1043\/revisions"}],"predecessor-version":[{"id":2074,"href":"https:\/\/www.diocesilucca.it\/missioni\/wp-json\/wp\/v2\/pages\/1043\/revisions\/2074"}],"wp:attachment":[{"href":"https:\/\/www.diocesilucca.it\/missioni\/wp-json\/wp\/v2\/media?parent=1043"}],"curies":[{"name":"wp","href":"https:\/\/api.w.org\/{rel}","templated":true}]}}